{"id":4712,"date":"2023-11-11T14:33:54","date_gmt":"2023-11-11T13:33:54","guid":{"rendered":"https:\/\/vetomshop.hu\/termek\/biotrem-active\/"},"modified":"2023-11-11T14:33:54","modified_gmt":"2023-11-11T13:33:54","slug":"biotrem-active","status":"publish","type":"product","link":"https:\/\/vetomshop.hu\/cs\/produkt\/biotrem-active\/","title":{"rendered":"BioTrEM active"},"content":{"rendered":"<p>\u0410 <strong>\u201eBioTrEM ACTIVE\u201d<\/strong> Terapeutick\u00fd p\u0159\u00edstroj EMF-IK model 1 (d\u00e1le jen \"p\u0159\u00edstroj\") je p\u0159enosn\u00fd fyzioterapeutick\u00fd a reflexn\u00ed terapeutick\u00fd p\u0159\u00edstroj ur\u010den\u00fd k prevenci kloubn\u00edch onemocn\u011bn\u00ed, l\u00e9\u010db\u011b a rehabilitaci pacient\u016f trp\u00edc\u00edch poruchami pohybov\u00e9ho apar\u00e1tu prost\u0159ednictv\u00edm aplikace elektromagnetick\u00fdch pol\u00ed n\u00edzk\u00e9 intenzity v extr\u00e9mn\u011b vysokofrekven\u010dn\u00edm p\u00e1smu na \u010d\u00e1sti povrchu lidsk\u00e9 k\u016f\u017ee.<\/p>\n<p>P\u0159\u00edstroj lze pou\u017e\u00edt v komplexn\u00edch preventivn\u00edch a l\u00e9\u010debn\u00fdch programech pro obnoven\u00ed norm\u00e1ln\u00edch fyziologick\u00fdch proces\u016f v bu\u0148k\u00e1ch a tk\u00e1n\u00edch podp\u016frn\u00e9ho a pohybov\u00e9ho org\u00e1nov\u00e9ho syst\u00e9mu v p\u0159\u00edpad\u011b onemocn\u011bn\u00ed podp\u016frn\u00e9ho a pohybov\u00e9ho org\u00e1nov\u00e9ho syst\u00e9mu, pro sn\u00ed\u017een\u00ed bolesti a zlep\u0161en\u00ed podp\u016frn\u00fdch a pohybov\u00fdch funkc\u00ed.<\/p>\n<div class=\"su-spoiler su-spoiler-style-defoult su-spoiler-icon-caret su-spoiler-closed\" data-scroll-offset=\"0\" data-anchor-in-url=\"no\"><div class=\"su-spoiler-title\" tabindex=\"0\" role=\"button\"><span class=\"su-spoiler-icon\"><\/span>V\u0161echny<\/div><div class=\"su-spoiler-content su-u-clearfix su-u-trim\">\n<p>\u00da\u010dinky pou\u017e\u00edv\u00e1n\u00ed za\u0159\u00edzen\u00ed:<\/p>\n<ul>\n<li>normalizuje krevn\u00ed ob\u011bh, stav imunity a metabolick\u00e9 procesy v pohybov\u00fdch org\u00e1nech\/org\u00e1nov\u00fdch syst\u00e9mech a zabra\u0148uje vzniku jejich onemocn\u011bn\u00ed;<\/li>\n<li>pom\u00e1h\u00e1 zlep\u0161ovat podp\u016frn\u00e9 a pohybov\u00e9 funkce;<\/li>\n<li>sni\u017euje projevy z\u00e1n\u011btu a p\u0159et\u00ed\u017een\u00ed pohybov\u00e9ho apar\u00e1tu;<\/li>\n<li>pom\u00e1h\u00e1 urychlit regenera\u010dn\u00ed a repara\u010dn\u00ed procesy tk\u00e1n\u00ed podp\u016frn\u00e9ho a pohybov\u00e9ho \u00fastroj\u00ed;<\/li>\n<li>pom\u00e1h\u00e1 odstra\u0148ovat z\u00e1n\u011bty kloub\u016f, kloubn\u00edch blan a kloubn\u00edch \u201ev\u00e1\u010dk\u016f\u201d, sval\u016f,<\/li>\n<li>pom\u00e1h\u00e1 odstranit nebo kompenzovat deformaci a atrofii kost\u00ed, vaz\u016f a svalov\u00e9ho a kloubn\u00edho komplexu.<\/li>\n<\/ul>\n<\/div><\/div>","protected":false},"excerpt":{"rendered":"<p>\u0410 \u201eBioTrEM ACTIVE\u201d modell EMF-IK ter\u00e1pi\u00e1s k\u00e9sz\u00fcl\u00e9k (a tov\u00e1bbiakban k\u00e9sz\u00fcl\u00e9k) egy hordozhat\u00f3 fizikoter\u00e1pi\u00e1s \u00e9s reflexter\u00e1pi\u00e1s eszk\u00f6z, amelynek rendeltet\u00e9se az \u00edz\u00fcleti megbeteged\u00e9sek megel\u0151z\u00e9s\u00e9re, a t\u00e1maszt\u00e1s \u00e9s mozg\u00e1s szervrendszeri betegs\u00e9gekben szenved\u0151 p\u00e1ciensek kezel\u00e9se \u00e9s rehabilit\u00e1ci\u00f3ja az ember b\u0151rfel\u00fclet\u00e9nek r\u00e9szeire ir\u00e1nyul\u00f3 extr\u00e9m magas frekvenci\u00e1s tartom\u00e1nyban m\u0171k\u00f6d\u0151 alacsonyintenzit\u00e1s\u00fa elektrom\u00e1gneses r\u00e1hat\u00e1s r\u00e9v\u00e9n. \u0410 k\u00e9sz\u00fcl\u00e9k komplex megel\u0151z\u0151 \u00e9s gy\u00f3gyul\u00e1st el\u0151seg\u00edt\u0151 programokban [&hellip;]<\/p>\n","protected":false},"featured_media":4711,"comment_status":"open","ping_status":"closed","template":"","meta":[],"product_brand":[],"product_cat":[34,32],"product_tag":[],"class_list":{"0":"post-4712","1":"product","2":"type-product","3":"status-publish","4":"has-post-thumbnail","6":"product_cat-keszulekek","7":"product_cat-triomed","9":"first","10":"instock","11":"taxable","12":"shipping-taxable","13":"purchasable","14":"product-type-simple"},"_links":{"self":[{"href":"https:\/\/vetomshop.hu\/cs\/wp-json\/wp\/v2\/product\/4712","targetHints":{"allow":["GET"]}}],"collection":[{"href":"https:\/\/vetomshop.hu\/cs\/wp-json\/wp\/v2\/product"}],"about":[{"href":"https:\/\/vetomshop.hu\/cs\/wp-json\/wp\/v2\/types\/product"}],"replies":[{"embeddable":true,"href":"https:\/\/vetomshop.hu\/cs\/wp-json\/wp\/v2\/comments?post=4712"}],"wp:featuredmedia":[{"embeddable":true,"href":"https:\/\/vetomshop.hu\/cs\/wp-json\/wp\/v2\/media\/4711"}],"wp:attachment":[{"href":"https:\/\/vetomshop.hu\/cs\/wp-json\/wp\/v2\/media?parent=4712"}],"wp:term":[{"taxonomy":"product_brand","embeddable":true,"href":"https:\/\/vetomshop.hu\/cs\/wp-json\/wp\/v2\/product_brand?post=4712"},{"taxonomy":"product_cat","embeddable":true,"href":"https:\/\/vetomshop.hu\/cs\/wp-json\/wp\/v2\/product_cat?post=4712"},{"taxonomy":"product_tag","embeddable":true,"href":"https:\/\/vetomshop.hu\/cs\/wp-json\/wp\/v2\/product_tag?post=4712"}],"curies":[{"name":"wp","href":"https:\/\/api.w.org\/{rel}","templated":true}]}}