{"id":4714,"date":"2023-11-11T14:33:54","date_gmt":"2023-11-11T13:33:54","guid":{"rendered":"https:\/\/vetomshop.hu\/termek\/triomed-compact\/"},"modified":"2023-11-11T14:33:54","modified_gmt":"2023-11-11T13:33:54","slug":"triomed-compact","status":"publish","type":"product","link":"https:\/\/vetomshop.hu\/cs\/produkt\/triomed-compact\/","title":{"rendered":"Triomed compact"},"content":{"rendered":"<h4>\u00daleva od bolesti, redukce z\u00e1n\u011btu, rehabilitace, chiropraktick\u00e1 p\u00e9\u010de, prvn\u00ed pomoc, chronick\u00e1 onemocn\u011bn\u00ed, elektrosmog, stres, sv\u011bteln\u00e1 terapie<\/h4>\n<p>Syst\u00e9m inovac\u00ed pro ochranu a obnovu zdrav\u00ed - <strong>Triomed compact.<\/strong><\/p>\n<p>T\u00e9m\u011b\u0159 denn\u011b sl\u00fdch\u00e1me, \u017ee na\u0161e \u017eivotn\u00ed prost\u0159ed\u00ed je st\u00e1le agresivn\u011bj\u0161\u00ed.<\/p>\n<p>Chemick\u00e9 l\u00e1tky v potravin\u00e1ch a vod\u011b, zne\u010di\u0161t\u011bn\u00e9 ovzdu\u0161\u00ed a st\u00e1le rychlej\u0161\u00ed \u017eivotn\u00ed tempo v\u00e1\u017en\u011b zat\u011b\u017euj\u00ed n\u00e1\u0161 organismus. D\u016fvodem k v\u00e1\u017en\u00fdm obav\u00e1m mohou b\u00fdt i civiliza\u010dn\u00ed choroby, kter\u00e9 jsou d\u016fsledkem m\u011bn\u00edc\u00edch se faktor\u016f \u017eivotn\u00edho prost\u0159ed\u00ed a stravovac\u00edch n\u00e1vyk\u016f, pracovn\u00edch podm\u00ednek a stresu. Jejich l\u00e9\u010dba je velkou v\u00fdzvou pro l\u00e9ka\u0159e, kte\u0159\u00ed jsou tv\u00e1\u0159\u00ed v tv\u00e1\u0159 t\u00e9to v\u00fdzv\u011b \u010dasto bezradn\u00ed. \u010casto n\u00e1m po zdlouhav\u00fdch vy\u0161et\u0159en\u00edch sd\u011bl\u00ed dob\u0159e (nebo sp\u00ed\u0161e \u0161patn\u011b) zn\u011bj\u00edc\u00ed latinsk\u00fd n\u00e1zev diagn\u00f3zy a doporu\u010d\u00ed n\u00e1m, abychom s n\u00ed \u017eili.<\/p>\n<p>Je ale p\u0159\u00edjemn\u00e9 \u017e\u00edt v takov\u00e9m ne\u0161\u0165astn\u00e9m stavu a tr\u00e1vit des\u00edtky let mezi nemoc\u00ed a smrt\u00ed? Kolik bolesti, rezignace, energie, pen\u011bz, \u010dasu, zklam\u00e1n\u00ed prov\u00e1z\u00ed pacienta na t\u00e9to cest\u011b? Kolik nenapln\u011bn\u00fdch pl\u00e1n\u016f, c\u00edl\u016f, kari\u00e9r, p\u0159\u00e1n\u00ed je zahozeno, proto\u017ee od t\u00e9 chv\u00edle jde jen o nemoc?<\/p>\n<div class=\"su-spoiler su-spoiler-style-defoult su-spoiler-icon-caret su-spoiler-closed\" data-scroll-offset=\"0\" data-anchor-in-url=\"no\"><div class=\"su-spoiler-title\" tabindex=\"0\" role=\"button\"><span class=\"su-spoiler-icon\"><\/span>V\u0161echny<\/div><div class=\"su-spoiler-content su-u-clearfix su-u-trim\">\n<p>Ot\u00e1zka: m\u016f\u017eeme b\u00fdt zdrav\u00ed, kdy\u017e se nezm\u011bn\u00edme?<\/p>\n<p>O hlavn\u00edch p\u0159\u00ed\u010din\u00e1ch nemoc\u00ed a pouze \u010d\u00e1ste\u010dn\u00fdch \u0159e\u0161en\u00edch?<\/p>\n<p>Odpov\u011b\u010f je jednozna\u010dn\u011b NE!Seznamte se s komplexn\u00edm syst\u00e9mem, kter\u00fd je jedine\u010dn\u00fd sv\u00e9ho druhu!<\/p>\n<p>Na\u0161e n\u00e1stroje mohou l\u00e9\u010dit va\u0161e nemoci, zlep\u0161it kvalitu va\u0161eho \u017eivota, pomoci v\u00e1m p\u0159izp\u016fsobit se m\u011bn\u00edc\u00edmu se a neust\u00e1le se m\u011bn\u00edc\u00edmu prost\u0159ed\u00ed a zm\u011bnit ho.<\/p>\n<p>Nejen v p\u0159\u00edpad\u011b r\u016fzn\u00fdch onemocn\u011bn\u00ed, bolest\u00ed, z\u00e1n\u011bt\u016f, autoimunitn\u00edch proces\u016f, \u0161patn\u00e9 n\u00e1lady m\u016f\u017eeme dos\u00e1hnout vynikaj\u00edc\u00edch v\u00fdsledk\u016f, ale tak\u00e9 odstranit p\u0159\u00ed\u010diny! To v\u0161e se d\u011bje tak, \u017ee p\u0159\u00edstroj komunikuje s va\u0161\u00edm t\u011blem, ka\u017ed\u00fd impuls je reakc\u00ed na v\u00e1\u0161 aktu\u00e1ln\u00ed stav.<\/p>\n<p>Biofeedback - radiofrekven\u010dn\u00ed rozsah.<\/p>\n<p>Syst\u00e9mov\u00e1 ochrana zdrav\u00ed! jedine\u010dn\u00fd p\u0159\u00edstup!<\/p>\n<p>Stisknut\u00edm tla\u010d\u00edtka:<\/p>\n<ul>\n<li>Zlep\u0161ete sv\u00e9 ekologick\u00e9 prost\u0159ed\u00ed - milimetrov\u00e1 terapie na cel\u00e9m n\u00e1m\u011bst\u00ed,<\/li>\n<li>Zlep\u0161uje kvalitu vody a potravin - obnovuje pravidelnost vody a vody v potravin\u00e1ch, \u010d\u00edm\u017e sni\u017euje \u0161kodliv\u00e9 \u00fa\u010dinky.<\/li>\n<li>Zm\u00edr\u0148uje stres v pr\u00e1ci i jinde a zvy\u0161uje na\u0161i odolnost.<\/li>\n<\/ul>\n<p>Dal\u0161\u00ed krok: pou\u017eijte ji jako l\u00e9k na sv\u00e9 probl\u00e9my!<\/p>\n<p>Triomed Compact - The Pro!<\/p>\n<p><strong>Zku\u0161enosti:<\/strong> M\u00e1m tak\u00e9 velmi dobr\u00e9 zku\u0161enosti se spole\u010dnostmi Triomed a Compact. Kdy\u017e jsme se ocitli nemocn\u00ed, b\u011bhem dvou a\u017e t\u0159\u00ed dn\u016f jsme se zcela vyl\u00e9\u010dili i z t\u011bch nej\u00faporn\u011bj\u0161\u00edch bacil\u016f bez l\u00e9k\u016f. Jsem t\u011bhotn\u00e1 a p\u0159i jednom z ultrazvuk\u016f mi l\u00e9ka\u0159ka na\u0161la cystu v lebce na\u0161eho miminka. Uklidnil m\u011b, \u017ee se nic nestane, a j\u00e1 byla naprosto klidn\u00e1, proto\u017ee jsem v\u011bd\u011bla, \u017ee po n\u011bkolika o\u0161et\u0159en\u00edch se tam cysta zcela vst\u0159eb\u00e1. No a stalo se!!! Ur\u010dit\u011b bych nebyla klidn\u00e1 maminka, kdybych nev\u011bd\u011bla o existenci t\u011bchto p\u0159\u00edstroj\u016f. Jsem moc r\u00e1da, \u017ee jsem tyto p\u0159\u00edstroje objevila je\u0161t\u011b p\u0159ed term\u00ednem porodu.<\/p>\n<p>Pozor! P\u0159\u00edstroj nenahrazuje l\u00e9ka\u0159sk\u00e9 o\u0161et\u0159en\u00ed!<\/p>\n<p>Ka\u017ed\u00fd re\u017eim realizuje specifick\u00fd program<\/p>\n<p>TRIOMED COMPACT PRACUJE V OSMI RE\u017dIMECH.<\/p>\n<p>Ka\u017ed\u00fd re\u017eim realizuje specifick\u00fd, jedine\u010dn\u00fd program.<\/p>\n<\/div><\/div>","protected":false},"excerpt":{"rendered":"<p>F\u00e1jdalomcsillap\u00edt\u00e1s, gyullad\u00e1s cs\u00f6kkent\u00e9s, lugos\u00edt\u00e1s, rehabilit\u00e1ci\u00f3, oki kezel\u00e9s, els\u0151seg\u00e9ly, kr\u00f3nikus betegs\u00e9gek, elektroszmog, stressz, f\u00e9nyter\u00e1pia Az eg\u00e9szs\u00e9g v\u00e9delm\u00e9nek \u00e9s vissza\u00e1ll\u00edt\u00e1s\u00e1nak innov\u00e1ci\u00f3s rendszere \u2013 Triomed compact. Szinte naponta hallunk arr\u00f3l, hogy k\u00f6rnyezet\u00fcnk egyre agressz\u00edvebb\u00e9 v\u00e1lt. Az \u00e9lelmiszerekben \u00e9s a v\u00edzben tal\u00e1lhat\u00f3 vegyszerek, a leveg\u0151 szennyezetts\u00e9ge, az egyre gyorsabb \u00e9lettemp\u00f3 komoly kih\u00edv\u00e1sok el\u00e9 \u00e1ll\u00edtja szervezet\u00fcnket. Komoly aggodalomra adhatnak okot [&hellip;]<\/p>\n","protected":false},"featured_media":4713,"comment_status":"open","ping_status":"closed","template":"","meta":[],"product_brand":[],"product_cat":[34,32],"product_tag":[],"class_list":{"0":"post-4714","1":"product","2":"type-product","3":"status-publish","4":"has-post-thumbnail","6":"product_cat-keszulekek","7":"product_cat-triomed","9":"first","10":"instock","11":"taxable","12":"shipping-taxable","13":"purchasable","14":"product-type-simple"},"_links":{"self":[{"href":"https:\/\/vetomshop.hu\/cs\/wp-json\/wp\/v2\/product\/4714","targetHints":{"allow":["GET"]}}],"collection":[{"href":"https:\/\/vetomshop.hu\/cs\/wp-json\/wp\/v2\/product"}],"about":[{"href":"https:\/\/vetomshop.hu\/cs\/wp-json\/wp\/v2\/types\/product"}],"replies":[{"embeddable":true,"href":"https:\/\/vetomshop.hu\/cs\/wp-json\/wp\/v2\/comments?post=4714"}],"wp:featuredmedia":[{"embeddable":true,"href":"https:\/\/vetomshop.hu\/cs\/wp-json\/wp\/v2\/media\/4713"}],"wp:attachment":[{"href":"https:\/\/vetomshop.hu\/cs\/wp-json\/wp\/v2\/media?parent=4714"}],"wp:term":[{"taxonomy":"product_brand","embeddable":true,"href":"https:\/\/vetomshop.hu\/cs\/wp-json\/wp\/v2\/product_brand?post=4714"},{"taxonomy":"product_cat","embeddable":true,"href":"https:\/\/vetomshop.hu\/cs\/wp-json\/wp\/v2\/product_cat?post=4714"},{"taxonomy":"product_tag","embeddable":true,"href":"https:\/\/vetomshop.hu\/cs\/wp-json\/wp\/v2\/product_tag?post=4714"}],"curies":[{"name":"wp","href":"https:\/\/api.w.org\/{rel}","templated":true}]}}