{"id":4712,"date":"2023-11-11T14:33:54","date_gmt":"2023-11-11T13:33:54","guid":{"rendered":"https:\/\/vetomshop.hu\/termek\/biotrem-active\/"},"modified":"2023-11-11T14:33:54","modified_gmt":"2023-11-11T13:33:54","slug":"biotrem-active","status":"publish","type":"product","link":"https:\/\/vetomshop.hu\/de_at\/product\/biotrem-active\/","title":{"rendered":"BioTrEM aktiv"},"content":{"rendered":"<p>\u0410 <strong>\u201eBioTrEM ACTIVE\u201d<\/strong> Das EMF-IK-Therapieger\u00e4t Modell 1 (nachstehend \"Ger\u00e4t\" genannt) ist ein tragbares Physiotherapie- und Reflextherapieger\u00e4t, das zur Vorbeugung von Gelenkerkrankungen sowie zur Behandlung und Rehabilitation von Patienten mit Erkrankungen des Bewegungsapparats durch die Anwendung von elektromagnetischen Feldern niedriger Intensit\u00e4t im extrem hohen Frequenzbereich auf Teile der menschlichen Hautoberfl\u00e4che bestimmt ist.<\/p>\n<p>\u0410 Ger\u00e4t kann in komplexen pr\u00e4ventiven und kurativen Programmen zur Wiederherstellung normaler physiologischer Prozesse in den Zellen und Geweben des St\u00fctz- und Bewegungsorgansystems bei Erkrankungen des St\u00fctz- und Bewegungsorgansystems eingesetzt werden, um Schmerzen zu reduzieren und St\u00fctz- und Bewegungsfunktionen zu verbessern.<\/p>\n<div class=\"su-spoiler su-spoiler-style-defoult su-spoiler-icon-caret su-spoiler-closed\" data-scroll-offset=\"0\" data-anchor-in-url=\"no\"><div class=\"su-spoiler-title\" tabindex=\"0\" role=\"button\"><span class=\"su-spoiler-icon\"><\/span>Alle<\/div><div class=\"su-spoiler-content su-u-clearfix su-u-trim\">\n<p>Die Auswirkungen der Verwendung des Ger\u00e4ts:<\/p>\n<ul>\n<li>normalisiert den Blutkreislauf, den Immunit\u00e4tsstatus und die Stoffwechselvorg\u00e4nge in den Bewegungsorganen\/Organen und beugt so der Entstehung von Krankheiten in diesen Organen vor;<\/li>\n<li>tr\u00e4gt zur Verbesserung der St\u00fctz- und Bewegungsfunktionen bei;<\/li>\n<li>reduziert die Entz\u00fcndungs- und Stauungserscheinungen in den Bewegungsorganen;<\/li>\n<li>tr\u00e4gt dazu bei, die Regenerations- und Reparaturprozesse des Gewebes des St\u00fctz- und Bewegungsapparates zu beschleunigen;<\/li>\n<li>hilft bei der Beseitigung von Entz\u00fcndungen in Gelenken, Gelenkmembranen und Gelenks\u00e4cken\u201e, Muskeln,<\/li>\n<li>tr\u00e4gt zur Beseitigung oder zum Ausgleich von Verformungen und Schwund von Knochen, B\u00e4ndern und des Muskel-Gelenk-Komplexes bei.<\/li>\n<\/ul>\n<\/div><\/div>","protected":false},"excerpt":{"rendered":"<p>\u0410 \u201eBioTrEM ACTIVE\u201d modell EMF-IK ter\u00e1pi\u00e1s k\u00e9sz\u00fcl\u00e9k (a tov\u00e1bbiakban k\u00e9sz\u00fcl\u00e9k) egy hordozhat\u00f3 fizikoter\u00e1pi\u00e1s \u00e9s reflexter\u00e1pi\u00e1s eszk\u00f6z, amelynek rendeltet\u00e9se az \u00edz\u00fcleti megbeteged\u00e9sek megel\u0151z\u00e9s\u00e9re, a t\u00e1maszt\u00e1s \u00e9s mozg\u00e1s szervrendszeri betegs\u00e9gekben szenved\u0151 p\u00e1ciensek kezel\u00e9se \u00e9s rehabilit\u00e1ci\u00f3ja az ember b\u0151rfel\u00fclet\u00e9nek r\u00e9szeire ir\u00e1nyul\u00f3 extr\u00e9m magas frekvenci\u00e1s tartom\u00e1nyban m\u0171k\u00f6d\u0151 alacsonyintenzit\u00e1s\u00fa elektrom\u00e1gneses r\u00e1hat\u00e1s r\u00e9v\u00e9n. \u0410 k\u00e9sz\u00fcl\u00e9k komplex megel\u0151z\u0151 \u00e9s gy\u00f3gyul\u00e1st el\u0151seg\u00edt\u0151 programokban [&hellip;]<\/p>\n","protected":false},"featured_media":4711,"comment_status":"open","ping_status":"closed","template":"","meta":[],"product_brand":[],"product_cat":[34,32],"product_tag":[],"class_list":{"0":"post-4712","1":"product","2":"type-product","3":"status-publish","4":"has-post-thumbnail","6":"product_cat-keszulekek","7":"product_cat-triomed","9":"first","10":"instock","11":"taxable","12":"shipping-taxable","13":"purchasable","14":"product-type-simple"},"_links":{"self":[{"href":"https:\/\/vetomshop.hu\/de_at\/wp-json\/wp\/v2\/product\/4712","targetHints":{"allow":["GET"]}}],"collection":[{"href":"https:\/\/vetomshop.hu\/de_at\/wp-json\/wp\/v2\/product"}],"about":[{"href":"https:\/\/vetomshop.hu\/de_at\/wp-json\/wp\/v2\/types\/product"}],"replies":[{"embeddable":true,"href":"https:\/\/vetomshop.hu\/de_at\/wp-json\/wp\/v2\/comments?post=4712"}],"wp:featuredmedia":[{"embeddable":true,"href":"https:\/\/vetomshop.hu\/de_at\/wp-json\/wp\/v2\/media\/4711"}],"wp:attachment":[{"href":"https:\/\/vetomshop.hu\/de_at\/wp-json\/wp\/v2\/media?parent=4712"}],"wp:term":[{"taxonomy":"product_brand","embeddable":true,"href":"https:\/\/vetomshop.hu\/de_at\/wp-json\/wp\/v2\/product_brand?post=4712"},{"taxonomy":"product_cat","embeddable":true,"href":"https:\/\/vetomshop.hu\/de_at\/wp-json\/wp\/v2\/product_cat?post=4712"},{"taxonomy":"product_tag","embeddable":true,"href":"https:\/\/vetomshop.hu\/de_at\/wp-json\/wp\/v2\/product_tag?post=4712"}],"curies":[{"name":"wp","href":"https:\/\/api.w.org\/{rel}","templated":true}]}}