{"id":4743,"date":"2023-11-11T14:34:00","date_gmt":"2023-11-11T13:34:00","guid":{"rendered":"https:\/\/vetomshop.hu\/termek\/siker-medal\/"},"modified":"2023-11-11T14:34:00","modified_gmt":"2023-11-11T13:34:00","slug":"siker-medal","status":"publish","type":"product","link":"https:\/\/vetomshop.hu\/es\/producto\/siker-medal\/","title":{"rendered":"Medalla al \u00e9xito"},"content":{"rendered":"<h4>Medalla del \u00c9xito para ni\u00f1os<\/h4>\n<p><strong>Prop\u00f3sito:<\/strong><\/p>\n<p>Funciones cognitivas (procesos cognitivos) -<\/p>\n<ol>\n<li>atenci\u00f3n, observaci\u00f3n<\/li>\n<li>detecci\u00f3n-detecci\u00f3n<\/li>\n<li>memoria<\/li>\n<li>funciones del pensamiento<\/li>\n<\/ol>\n<p>- como herramienta complementaria para ayudar a activar, contrarrestar la fatiga de aprendizaje y mejorar el bienestar emocional.<\/p>\n<p>Favorece la recuperaci\u00f3n tras una importante sobrecarga de informaci\u00f3n, previniendo el s\u00edndrome de fatiga cr\u00f3nica y agotamiento.<\/p>\n<div class=\"su-spoiler su-spoiler-style-defoult su-spoiler-icon-caret su-spoiler-closed\" data-scroll-offset=\"0\" data-anchor-in-url=\"no\"><div class=\"su-spoiler-title\" tabindex=\"0\" role=\"button\"><span class=\"su-spoiler-icon\"><\/span>Todos<\/div><div class=\"su-spoiler-content su-u-clearfix su-u-trim\">\n<h4>Descripci\u00f3n breve<\/h4>\n<p>La informaci\u00f3n grabada en el soporte electr\u00f3nico de informaci\u00f3n - la Medalla de Salud SIKER - corresponde al espectro de vibraciones electromagn\u00e9ticas de las c\u00e9lulas y tejidos del sistema nervioso central y a las vibraciones (espectro electromagn\u00e9tico) de sustancias antihomot\u00f3xicas que aumentan la capacidad de trabajo mental, la estabilidad antiestr\u00e9s de los estudiantes y trabajadores intelectuales y mantienen un fondo psico-emocional \u00f3ptimo. Las actividades de los estudiantes van acompa\u00f1adas de una alta intensidad de procesos mentales en condiciones de presi\u00f3n de tiempo y alta densidad de informaci\u00f3n, que tienen el car\u00e1cter de estr\u00e9s. El pensamiento implica los aspectos activos de la cognici\u00f3n: la atenci\u00f3n, la percepci\u00f3n, los procesos de asociaci\u00f3n, la formaci\u00f3n de conceptos y evaluaciones, un componente de la actividad realista de la persona social.<\/p>\n<p>El pensamiento est\u00e1 relacionado con la actividad del cerebro, pero la capacidad de pensar de forma abstracta procede de la adquisici\u00f3n de la existencia pr\u00e1ctica, las reglas del lenguaje, la l\u00f3gica, la cultura. El pensamiento tiene lugar en distintas formas de actividad intelectual y pr\u00e1ctica, en el curso de las cuales se generalizan y agregan las experiencias cognitivas de las personas. El pensamiento se considera la fuente y el medio fundamental de la existencia humana real.<\/p>\n<\/div><\/div>","protected":false},"excerpt":{"rendered":"<p>Siker Med\u00e1l gyerekeknek Rendeltet\u00e9se: A kognit\u00edv funkci\u00f3k (megismer\u0151 folyamatok) &#8211; figyelem, megfigyel\u0151k\u00e9pess\u00e9g \u00e9rz\u00e9kel\u00e9s-\u00e9szlel\u00e9s eml\u00e9kezet gondolkod\u00e1si funkci\u00f3k &#8211; aktiv\u00e1l\u00e1s\u00e1t seg\u00edt\u0151, a tanul\u00e1st k\u00eds\u00e9r\u0151 f\u00e1radts\u00e1g ellens\u00falyoz\u00e1s\u00e1t \u00e9s az emocion\u00e1lis k\u00f6z\u00e9rzet jav\u00edt\u00e1s\u00e1t szolg\u00e1l\u00f3 kieg\u00e9sz\u00edt\u0151 eszk\u00f6z. T\u00e1mogatja a jelent\u0151s inform\u00e1ci\u00f3s megterhel\u00e9s ut\u00e1ni helyre\u00e1ll\u00edt\u00e1st, a kr\u00f3nikus f\u00e1radts\u00e1g \u00e9s kimer\u00fclts\u00e9g szindr\u00f3ma megel\u0151z\u00e9s\u00e9t.<\/p>","protected":false},"featured_media":4742,"comment_status":"open","ping_status":"closed","template":"","meta":[],"product_brand":[],"product_cat":[33,32],"product_tag":[],"class_list":{"0":"post-4743","1":"product","2":"type-product","3":"status-publish","4":"has-post-thumbnail","6":"product_cat-egeszseg-medalok","7":"product_cat-triomed","9":"first","10":"instock","11":"taxable","12":"shipping-taxable","13":"purchasable","14":"product-type-simple"},"_links":{"self":[{"href":"https:\/\/vetomshop.hu\/es\/wp-json\/wp\/v2\/product\/4743","targetHints":{"allow":["GET"]}}],"collection":[{"href":"https:\/\/vetomshop.hu\/es\/wp-json\/wp\/v2\/product"}],"about":[{"href":"https:\/\/vetomshop.hu\/es\/wp-json\/wp\/v2\/types\/product"}],"replies":[{"embeddable":true,"href":"https:\/\/vetomshop.hu\/es\/wp-json\/wp\/v2\/comments?post=4743"}],"wp:featuredmedia":[{"embeddable":true,"href":"https:\/\/vetomshop.hu\/es\/wp-json\/wp\/v2\/media\/4742"}],"wp:attachment":[{"href":"https:\/\/vetomshop.hu\/es\/wp-json\/wp\/v2\/media?parent=4743"}],"wp:term":[{"taxonomy":"product_brand","embeddable":true,"href":"https:\/\/vetomshop.hu\/es\/wp-json\/wp\/v2\/product_brand?post=4743"},{"taxonomy":"product_cat","embeddable":true,"href":"https:\/\/vetomshop.hu\/es\/wp-json\/wp\/v2\/product_cat?post=4743"},{"taxonomy":"product_tag","embeddable":true,"href":"https:\/\/vetomshop.hu\/es\/wp-json\/wp\/v2\/product_tag?post=4743"}],"curies":[{"name":"wp","href":"https:\/\/api.w.org\/{rel}","templated":true}]}}