{"id":4712,"date":"2023-11-11T14:33:54","date_gmt":"2023-11-11T13:33:54","guid":{"rendered":"https:\/\/vetomshop.hu\/termek\/biotrem-active\/"},"modified":"2023-11-11T14:33:54","modified_gmt":"2023-11-11T13:33:54","slug":"biotrem-active","status":"publish","type":"product","link":"https:\/\/vetomshop.hu\/fi\/tuote\/biotrem-active\/","title":{"rendered":"BioTrEM aktiivinen"},"content":{"rendered":"<p>\u0410 <strong>\u201eBioTrEM ACTIVE\u201d<\/strong> Model 1 EMF-IK -hoitolaite (j\u00e4ljemp\u00e4n\u00e4 'laite') on kannettava fysioterapia- ja refleksiterapialaite, joka on tarkoitettu nivelsairauksien ennaltaehk\u00e4isyyn sek\u00e4 tuki- ja liikuntaelinten sairauksista k\u00e4rsivien potilaiden hoitoon ja kuntoutukseen soveltamalla eritt\u00e4in korkeataajuusalueen matalavoimaisia s\u00e4hk\u00f6magneettisia kentti\u00e4 ihmisen ihon pinnan osiin.<\/p>\n<p>Laitetta voidaan k\u00e4ytt\u00e4\u00e4 monimutkaisissa ennaltaehk\u00e4iseviss\u00e4 ja parantavissa ohjelmissa tuki- ja liikuntaelinten solujen ja kudosten normaalien fysiologisten prosessien palauttamiseksi tuki- ja liikuntaelinten sairauksien yhteydess\u00e4, kivun v\u00e4hent\u00e4miseksi ja tuki- ja liikuntatoimintojen parantamiseksi.<\/p>\n<div class=\"su-spoiler su-spoiler-style-defoult su-spoiler-icon-caret su-spoiler-closed\" data-scroll-offset=\"0\" data-anchor-in-url=\"no\"><div class=\"su-spoiler-title\" tabindex=\"0\" role=\"button\"><span class=\"su-spoiler-icon\"><\/span>Kaikki<\/div><div class=\"su-spoiler-content su-u-clearfix su-u-trim\">\n<p>Laitteen k\u00e4yt\u00f6n vaikutukset:<\/p>\n<ul>\n<li>normalisoi verenkiertoa, immuniteettitilaa ja aineenvaihduntaprosesseja liikuntaelimiss\u00e4\/elinj\u00e4rjestelmiss\u00e4 ja ehk\u00e4isee sairauksien kehittymist\u00e4 niiss\u00e4;<\/li>\n<li>auttaa parantamaan tuki- ja liikkuvuustoimintoja;<\/li>\n<li>v\u00e4hent\u00e4\u00e4 tulehduksen ja ruuhkautumisen ilmenemismuotoja liikuntaelimiss\u00e4;<\/li>\n<li>auttaa nopeuttamaan tuki- ja liikuntaelinten kudosten uudistumis- ja korjausprosesseja;<\/li>\n<li>auttaa poistamaan tulehdusta niveliss\u00e4, nivelkalvoissa ja nivelpusseissa sek\u00e4 lihaksissa,<\/li>\n<li>auttaa poistamaan tai kompensoimaan luiden, nivelsiteiden ja lihaksiston ja nivelten muodonmuutoksia ja surkastumista.<\/li>\n<\/ul>\n<\/div><\/div>","protected":false},"excerpt":{"rendered":"<p>\u0410 \u201eBioTrEM ACTIVE\u201d modell EMF-IK ter\u00e1pi\u00e1s k\u00e9sz\u00fcl\u00e9k (a tov\u00e1bbiakban k\u00e9sz\u00fcl\u00e9k) egy hordozhat\u00f3 fizikoter\u00e1pi\u00e1s \u00e9s reflexter\u00e1pi\u00e1s eszk\u00f6z, amelynek rendeltet\u00e9se az \u00edz\u00fcleti megbeteged\u00e9sek megel\u0151z\u00e9s\u00e9re, a t\u00e1maszt\u00e1s \u00e9s mozg\u00e1s szervrendszeri betegs\u00e9gekben szenved\u0151 p\u00e1ciensek kezel\u00e9se \u00e9s rehabilit\u00e1ci\u00f3ja az ember b\u0151rfel\u00fclet\u00e9nek r\u00e9szeire ir\u00e1nyul\u00f3 extr\u00e9m magas frekvenci\u00e1s tartom\u00e1nyban m\u0171k\u00f6d\u0151 alacsonyintenzit\u00e1s\u00fa elektrom\u00e1gneses r\u00e1hat\u00e1s r\u00e9v\u00e9n. \u0410 k\u00e9sz\u00fcl\u00e9k komplex megel\u0151z\u0151 \u00e9s gy\u00f3gyul\u00e1st el\u0151seg\u00edt\u0151 programokban [&hellip;]<\/p>\n","protected":false},"featured_media":4711,"comment_status":"open","ping_status":"closed","template":"","meta":[],"product_brand":[],"product_cat":[34,32],"product_tag":[],"class_list":{"0":"post-4712","1":"product","2":"type-product","3":"status-publish","4":"has-post-thumbnail","6":"product_cat-keszulekek","7":"product_cat-triomed","9":"first","10":"instock","11":"taxable","12":"shipping-taxable","13":"purchasable","14":"product-type-simple"},"_links":{"self":[{"href":"https:\/\/vetomshop.hu\/fi\/wp-json\/wp\/v2\/product\/4712","targetHints":{"allow":["GET"]}}],"collection":[{"href":"https:\/\/vetomshop.hu\/fi\/wp-json\/wp\/v2\/product"}],"about":[{"href":"https:\/\/vetomshop.hu\/fi\/wp-json\/wp\/v2\/types\/product"}],"replies":[{"embeddable":true,"href":"https:\/\/vetomshop.hu\/fi\/wp-json\/wp\/v2\/comments?post=4712"}],"wp:featuredmedia":[{"embeddable":true,"href":"https:\/\/vetomshop.hu\/fi\/wp-json\/wp\/v2\/media\/4711"}],"wp:attachment":[{"href":"https:\/\/vetomshop.hu\/fi\/wp-json\/wp\/v2\/media?parent=4712"}],"wp:term":[{"taxonomy":"product_brand","embeddable":true,"href":"https:\/\/vetomshop.hu\/fi\/wp-json\/wp\/v2\/product_brand?post=4712"},{"taxonomy":"product_cat","embeddable":true,"href":"https:\/\/vetomshop.hu\/fi\/wp-json\/wp\/v2\/product_cat?post=4712"},{"taxonomy":"product_tag","embeddable":true,"href":"https:\/\/vetomshop.hu\/fi\/wp-json\/wp\/v2\/product_tag?post=4712"}],"curies":[{"name":"wp","href":"https:\/\/api.w.org\/{rel}","templated":true}]}}