{"id":4712,"date":"2023-11-11T14:33:54","date_gmt":"2023-11-11T13:33:54","guid":{"rendered":"https:\/\/vetomshop.hu\/termek\/biotrem-active\/"},"modified":"2023-11-11T14:33:54","modified_gmt":"2023-11-11T13:33:54","slug":"biotrem-active","status":"publish","type":"product","link":"https:\/\/vetomshop.hu\/fr\/produit\/biotrem-active\/","title":{"rendered":"BioTrEM actif"},"content":{"rendered":"<p>\u0410 <strong>\u201eBioTrEM ACTIVE\u201d<\/strong> L'appareil de th\u00e9rapie EMF-IK mod\u00e8le 1 (ci-apr\u00e8s d\u00e9nomm\u00e9 l'appareil) est un appareil portable de physioth\u00e9rapie et de r\u00e9flexoth\u00e9rapie destin\u00e9 \u00e0 la pr\u00e9vention des maladies articulaires, au traitement et \u00e0 la r\u00e9\u00e9ducation des patients souffrant de troubles musculo-squelettiques par l'application de champs \u00e9lectromagn\u00e9tiques de faible intensit\u00e9 dans la gamme des fr\u00e9quences extr\u00eamement \u00e9lev\u00e9es sur certaines parties de la surface de la peau humaine.<\/p>\n<p>Le dispositif \u0410 peut \u00eatre utilis\u00e9 dans le cadre de programmes pr\u00e9ventifs et curatifs complexes visant \u00e0 r\u00e9tablir des processus physiologiques normaux dans les cellules et les tissus du syst\u00e8me organique de soutien et de mouvement en cas de maladies du syst\u00e8me organique de soutien et de mouvement, afin de r\u00e9duire la douleur et d'am\u00e9liorer les fonctions de soutien et de mouvement.<\/p>\n<div class=\"su-spoiler su-spoiler-style-defoult su-spoiler-icon-caret su-spoiler-closed\" data-scroll-offset=\"0\" data-anchor-in-url=\"no\"><div class=\"su-spoiler-title\" tabindex=\"0\" role=\"button\"><span class=\"su-spoiler-icon\"><\/span>Tous<\/div><div class=\"su-spoiler-content su-u-clearfix su-u-trim\">\n<p>Les effets de l'utilisation du dispositif :<\/p>\n<ul>\n<li>normalise la circulation sanguine, l'\u00e9tat immunitaire et les processus m\u00e9taboliques dans les organes\/syst\u00e8mes locomoteurs, pr\u00e9venant ainsi l'apparition de maladies dans ces derniers ;<\/li>\n<li>contribue \u00e0 am\u00e9liorer les fonctions de soutien et de mobilit\u00e9 ;<\/li>\n<li>r\u00e9duit les manifestations d'inflammation et de congestion des organes locomoteurs ;<\/li>\n<li>aide \u00e0 acc\u00e9l\u00e9rer les processus de r\u00e9g\u00e9n\u00e9ration et de r\u00e9paration des tissus du syst\u00e8me d'organes de soutien et de mouvement ;<\/li>\n<li>aide \u00e0 \u00e9liminer l'inflammation des articulations, des membranes et des sacs articulaires, des muscles,<\/li>\n<li>permet d'\u00e9liminer ou de compenser les d\u00e9formations et l'atrophie des os, des ligaments et du complexe musculo-articulaire.<\/li>\n<\/ul>\n<\/div><\/div>","protected":false},"excerpt":{"rendered":"<p>\u0410 \u201eBioTrEM ACTIVE\u201d modell EMF-IK ter\u00e1pi\u00e1s k\u00e9sz\u00fcl\u00e9k (a tov\u00e1bbiakban k\u00e9sz\u00fcl\u00e9k) egy hordozhat\u00f3 fizikoter\u00e1pi\u00e1s \u00e9s reflexter\u00e1pi\u00e1s eszk\u00f6z, amelynek rendeltet\u00e9se az \u00edz\u00fcleti megbeteged\u00e9sek megel\u0151z\u00e9s\u00e9re, a t\u00e1maszt\u00e1s \u00e9s mozg\u00e1s szervrendszeri betegs\u00e9gekben szenved\u0151 p\u00e1ciensek kezel\u00e9se \u00e9s rehabilit\u00e1ci\u00f3ja az ember b\u0151rfel\u00fclet\u00e9nek r\u00e9szeire ir\u00e1nyul\u00f3 extr\u00e9m magas frekvenci\u00e1s tartom\u00e1nyban m\u0171k\u00f6d\u0151 alacsonyintenzit\u00e1s\u00fa elektrom\u00e1gneses r\u00e1hat\u00e1s r\u00e9v\u00e9n. \u0410 k\u00e9sz\u00fcl\u00e9k komplex megel\u0151z\u0151 \u00e9s gy\u00f3gyul\u00e1st el\u0151seg\u00edt\u0151 programokban [&hellip;]<\/p>\n","protected":false},"featured_media":4711,"comment_status":"open","ping_status":"closed","template":"","meta":[],"product_brand":[],"product_cat":[34,32],"product_tag":[],"class_list":{"0":"post-4712","1":"product","2":"type-product","3":"status-publish","4":"has-post-thumbnail","6":"product_cat-keszulekek","7":"product_cat-triomed","9":"first","10":"instock","11":"taxable","12":"shipping-taxable","13":"purchasable","14":"product-type-simple"},"_links":{"self":[{"href":"https:\/\/vetomshop.hu\/fr\/wp-json\/wp\/v2\/product\/4712","targetHints":{"allow":["GET"]}}],"collection":[{"href":"https:\/\/vetomshop.hu\/fr\/wp-json\/wp\/v2\/product"}],"about":[{"href":"https:\/\/vetomshop.hu\/fr\/wp-json\/wp\/v2\/types\/product"}],"replies":[{"embeddable":true,"href":"https:\/\/vetomshop.hu\/fr\/wp-json\/wp\/v2\/comments?post=4712"}],"wp:featuredmedia":[{"embeddable":true,"href":"https:\/\/vetomshop.hu\/fr\/wp-json\/wp\/v2\/media\/4711"}],"wp:attachment":[{"href":"https:\/\/vetomshop.hu\/fr\/wp-json\/wp\/v2\/media?parent=4712"}],"wp:term":[{"taxonomy":"product_brand","embeddable":true,"href":"https:\/\/vetomshop.hu\/fr\/wp-json\/wp\/v2\/product_brand?post=4712"},{"taxonomy":"product_cat","embeddable":true,"href":"https:\/\/vetomshop.hu\/fr\/wp-json\/wp\/v2\/product_cat?post=4712"},{"taxonomy":"product_tag","embeddable":true,"href":"https:\/\/vetomshop.hu\/fr\/wp-json\/wp\/v2\/product_tag?post=4712"}],"curies":[{"name":"wp","href":"https:\/\/api.w.org\/{rel}","templated":true}]}}