{"id":225,"date":"2016-09-02T11:41:41","date_gmt":"2016-09-02T09:41:41","guid":{"rendered":"https:\/\/demos.artbees.net\/jupiter\/herse\/?post_type=product&#038;p=225"},"modified":"2026-04-12T08:29:44","modified_gmt":"2026-04-12T06:29:44","slug":"vetom1-1-etrend-kiegeszito","status":"publish","type":"product","link":"https:\/\/vetomshop.hu\/ga\/product\/vetom1-1-etrend-kiegeszito\/","title":{"rendered":"Vetom Pr\u00f3ibhitheach <span style=\"color:red\">1.1<\/span><br> caps\u00fal <span style=\"color:red\">50 gr\u00e1n<\/span> (forl\u00edonadh aiste bia)"},"content":{"rendered":"<h2>Caps\u00fail probiotacha Vetom 1.1, 50 caps\u00fal (forl\u00edonadh aiste bia)<\/h2>\n<p>Go bun\u00fasach, is f\u00e9idir pr\u00f3bh\u00e1it\u00ed VETOM a \u00fas\u00e1id le haghaidh aon tinnis, mar go bhfuil siad oiri\u00fanach chun fadhbanna tromch\u00faiseacha a r\u00e9iteach \u2013 an mhicribhfl\u00f3ra a athbhun\u00fa agus gn\u00edomha\u00edocht an ch\u00f3rais imdh\u00edonachta a bharrfheabhs\u00fa.<\/p>\n<p>Is \u00f3 na baict\u00e9ir *Bacillus subtilis* at\u00e1 ann do Vetom 1.1 a fhaigheann s\u00e9 a \u00e9ifeachta\u00ed tairbheacha. Iolra\u00edonn na baict\u00e9ir thairbheacha seo sa ch\u00f3l\u00f3n agus t\u00e1irgeann siad eins\u00edm\u00ed \u00e9ags\u00fala agus substaint\u00ed bithghn\u00edomhacha a:<\/p>\n<p>* cosc a chur ar fh\u00e1s baict\u00e9ar agus fungas d\u00edobh\u00e1lach,<br \/>\n* cuidi\u00fa le pr\u00f3it\u00e9in\u00ed, st\u00e1irse agus sn\u00e1ith\u00edn\u00ed planda\u00ed a bhriseadh s\u00edos,<br \/>\n* tac\u00fa leis an gc\u00f3ras imdh\u00edonachta,<br \/>\n* cuidi\u00fa leis an gcorp a dh\u00edthocsaini\u00fa,<br \/>\n* cuidi\u00fa le cothaithigh a ions\u00fa n\u00edos fearr.<\/p>\n<h2>\u00das\u00e1id rialta an t\u00e1irge:<\/h2>\n<p>* athbhuna\u00edonn s\u00e9 an chothroma\u00edocht shl\u00e1inti\u00fail sa bhl\u00e1thra put\u00f3gach,<br \/>\n* feabhsa\u00edonn s\u00e9 an d\u00edle\u00e1,<br \/>\nmaola\u00edonn s\u00e9 siompt\u00f3im aill\u00e9irgeacha,<br \/>\n* tac\u00f3idh s\u00e9 le hathghini\u00faint f\u00edoch\u00e1n agus le baint ceall ghalraithe,<br \/>\n* m\u00e9ada\u00edonn s\u00e9 \u00e9ifeachta\u00ed c\u00f3gas eile agus ag an am c\u00e9anna ag laghd\u00fa a n-\u00e9ifeachta\u00ed taobh.<br \/>\nCosna\u00edonn s\u00e9 an corp ar leibh\u00e9al na gceall, ag cuidi\u00fa le forbairt na bhf\u00e1sach a chosc.<\/p>\n<h2>Gn\u00e9ithe<\/h2>\n<p>* \u00c9ifeacht frithbhaict\u00e9arach agus fhrithfhungasach<br \/>\nFrithv\u00edreasach, neartaitheach an ch\u00f3rais imdh\u00edonachta, frith-mheallach<br \/>\nN\u00ed chrutha\u00edonn s\u00e9 fo-iarsma\u00ed<br \/>\nN\u00ed thagann aon sple\u00e1chas chun cinn.<br \/>\nN\u00ed f\u00e9idir r\u00f3dh\u00e1ileog a ghlacadh<\/p>\n<h2>Iarratas:<\/h2>\n<p>Moltar Vetom 1.1 chun riocht an bholg agus na n-intest\u00e1n a fheabhs\u00fa agus chun cothroma\u00edocht na fl\u00f3ra intestinal a athbhun\u00fa.<\/p>\n<h2>D\u00e1ileog:<\/h2>\n<p>T\u00f3g 1 chaipl\u00edn 2\u20133 huaire sa l\u00e1 ar feadh 10 l\u00e1, roimh, le linn n\u00f3 tar \u00e9is b\u00e9il\u00ed, le beag\u00e1n leachta (uisce, tae n\u00f3 s\u00fa tortha\u00ed). Tabhair aird ar fhreagairt\u00ed do choirp agus an forl\u00edonadh \u00e1 ghlacadh agat agus, m\u00e1s g\u00e1, m\u00e9adaigh an d\u00e1ileog de r\u00e9ir a ch\u00e9ile go 5\u201310 gcaipl\u00edn in aghaidh an lae.<\/p>\n<p>* Is f\u00e9idir an ch\u00f3ire\u00e1il a athdh\u00e9anamh am ar bith tar \u00e9is sos 1\u20132 sheachtaine. Moltar \u00e9 a mhalart\u00fa le cine\u00e1lacha eile de th\u00e1irg\u00ed Vetom \u00f3 am go ch\u00e9ile chun tac\u00fa leis an gcorp ioml\u00e1n.<\/p>\n<h2>Frithl\u00e9irithe:<\/h2>\n<p>* Hipir\u00edogaireacht d'aon chomhph\u00e1irt den ullmh\u00f3id<br \/>\nN\u00e1 h\u00fas\u00e1id i gcomhar le antaibheathaigh n\u00f3 le pr\u00f3ibheathaigh eile.<br \/>\nLe linn toirchis agus coth\u00fa c\u00edche, le cead leighis amh\u00e1in.<\/p>\n<h2>Eolas eile:<\/h2>\n<p>N\u00ed dh\u00e9anann s\u00e9 difear do thiom\u00e1int n\u00e1 d'oibri\u00fa innealra cont\u00fairtigh.<br \/>\nSt\u00f3r\u00e1il: in \u00e1it thirim, fhuar (uasmh\u00e9id 30 \u00b0C), as aimsi\u00fa na bp\u00e1ist\u00ed<br \/>\n* Bar\u00e1ntas: 2 bhliain \u00f3 dh\u00e1ta an mhonaraithe<br \/>\n* Pac\u00e1isti\u00fa: 10 gcaps\u00fal i bpaic\u00e9id bhl\u00e1stracha, 5 phaic\u00e9ad i mbosca (50 caps\u00fal san ioml\u00e1n)<\/p>\n<h2>Comhdh\u00e9anamh in aghaidh an chaipil\u00edn:<\/h2>\n<p>* Sliocht arbhair Indiach: 133 mg<br \/>\n* St\u00e1irse pr\u00e1ta\u00ed: 100 mg<br \/>\nSi\u00facra p\u00fadrach: 67 mg<br \/>\n* Strain bh\u00e1ict\u00e9arach Bacillus subtilis: 0.03 mg<\/p>\n<p>Leagan coibh\u00e9iseach eile i bhfoirm titeanna: Vetom 1.23 (10 ml)<\/p>\n<p>\u00c1it bhunaidh: <strong>An R\u00fais<\/strong><\/p>","protected":false},"excerpt":{"rendered":"<h5>Cuirfidh m\u00e9 s\u00edol. <span style=\"color: red;\">1.1<\/span> caps\u00fail pr\u00f3ibheachtacha, 50 caps\u00fal (forl\u00edonadh aiste bia)<\/h5>\n<p>T\u00e1 a \u00e9ifeachta\u00ed tairbheacha mar gheall ar ghn\u00edomh\u00fa na mbaict\u00e9ar tairbheach Bacillus subtilis, a iolra\u00edonn go pr\u00edomha sa st\u00e9ig mh\u00f3r, ag t\u00e1irgeadh:<\/p>\n<ul class=\"vetom-list\">\n<li>eins\u00edm\u00ed pr\u00f3it\u00e9olaitici\u00fala, aim\u00edolaitici\u00fala, ceallalaitici\u00fala;<\/li>\n<li>interferon a-2 leiceac\u00edt\u00ed daonna;<\/li>\n<li>bacitracin mg, a choisceann f\u00e1s agus forbairt micr\u00edfhl\u00f3ra phataigineach agus choinn\u00edollach phataigineach;<\/li>\n<li>agus substaint\u00ed bitheola\u00edoch ghn\u00edomhacha eile.<\/li>\n<\/ul>\n<div class=\"plashka\">D\u00e1 bharr sin, tagann comhdh\u00e9anamh baict\u00e9arach \u00e1bhar an phut\u00f3ige ar ais chuig an ngn\u00e1thstaid, glantar balla\u00ed an phut\u00f3ige de iarmhair neamhdh\u00edle\u00e1ite, rud a chuid\u00edonn le tocsain\u00ed a bhaint go gn\u00edomhach as an gcorp agus le hiompar gan bhac\u00e1n a dh\u00e9anamh ar chothaithigh at\u00e1 gn\u00edomhach go bitheola\u00edoch.<\/div>\n<p>A <strong>Cuirfidh m\u00e9 s\u00edol. <span style=\"color: red;\">1.1<\/span><\/strong> Faoi a thionchar, d\u00e9antar meitibileacht, d\u00edle\u00e1 agus ions\u00fa na gcomhph\u00e1irteanna bia at\u00e1 gn\u00edomhach go bitheola\u00edoch sa chonair ghastraist\u00e9igeach a normal\u00fa.<\/p>\n<p>A <strong>Cuirfidh m\u00e9 s\u00edol. <span style=\"color: red;\">1.1<\/span><\/strong> M\u00e9ada\u00edonn s\u00e9 \u00e9ifeachtacht na ndruga\u00ed agus laghda\u00edonn s\u00e9 a n-\u00e9ifeachta\u00ed d\u00edobh\u00e1lacha ar chorp an duine.<\/p>\n<div class=\"plashka\"><strong>\u00c9ifeacht fhamacola\u00edoch:<\/strong> Imdh\u00edon-mhodhnaitheach, frith-mheallach, frithv\u00edreasach, frith-iolraitheach, baict\u00e9ireola\u00edoch, funga\u00edoch, frith-chlamadach.<\/div>\n<h5>Air\u00edonna:<\/h5>\n<ul class=\"vetom-list\">\n<li>T\u00e1 gn\u00edomha\u00edocht antagonach ard aige i gcoinne fungas agus baict\u00e9ir phataigineacha agus choinn\u00edollach phataigineach, agus t\u00e1 air\u00edonna frithv\u00edreasacha, pr\u00f3it\u00e9olaitice, aimil\u00e9ilaitice agus ceallalaitice aige.<\/li>\n<li>Spreagann s\u00e9 facht\u00f3ir\u00ed imdh\u00edonachta ceallacha agus humaracha<\/li>\n<li>M\u00e9ada\u00edonn s\u00e9 frithsheasmhacht neamhshonrach an choirp<\/li>\n<li>Cobhs\u00e1ideann s\u00e9 frithsheasmhacht aill\u00e9irgeach<\/li>\n<li>Norm\u00e1la\u00edonn s\u00e9 an mheitibileacht.<\/li>\n<li>Spreagann s\u00e9 pr\u00f3isis athghini\u00fana, ionsa\u00edonn s\u00e9 agus scriosann s\u00e9 cealla ailseacha agus cealla galraithe.<\/li>\n<\/ul>","protected":false},"featured_media":6597,"comment_status":"open","ping_status":"closed","template":"","meta":[],"product_brand":[],"product_cat":[22],"product_tag":[],"class_list":{"0":"post-225","1":"product","2":"type-product","3":"status-publish","4":"has-post-thumbnail","6":"product_cat-vetom-probiotikumok","8":"first","9":"instock","10":"featured","11":"taxable","12":"shipping-taxable","13":"purchasable","14":"product-type-simple"},"_links":{"self":[{"href":"https:\/\/vetomshop.hu\/ga\/wp-json\/wp\/v2\/product\/225","targetHints":{"allow":["GET"]}}],"collection":[{"href":"https:\/\/vetomshop.hu\/ga\/wp-json\/wp\/v2\/product"}],"about":[{"href":"https:\/\/vetomshop.hu\/ga\/wp-json\/wp\/v2\/types\/product"}],"replies":[{"embeddable":true,"href":"https:\/\/vetomshop.hu\/ga\/wp-json\/wp\/v2\/comments?post=225"}],"wp:featuredmedia":[{"embeddable":true,"href":"https:\/\/vetomshop.hu\/ga\/wp-json\/wp\/v2\/media\/6597"}],"wp:attachment":[{"href":"https:\/\/vetomshop.hu\/ga\/wp-json\/wp\/v2\/media?parent=225"}],"wp:term":[{"taxonomy":"product_brand","embeddable":true,"href":"https:\/\/vetomshop.hu\/ga\/wp-json\/wp\/v2\/product_brand?post=225"},{"taxonomy":"product_cat","embeddable":true,"href":"https:\/\/vetomshop.hu\/ga\/wp-json\/wp\/v2\/product_cat?post=225"},{"taxonomy":"product_tag","embeddable":true,"href":"https:\/\/vetomshop.hu\/ga\/wp-json\/wp\/v2\/product_tag?post=225"}],"curies":[{"name":"uair an chloig","href":"https:\/\/api.w.org\/{rel}","templated":true}]}}