{"id":453,"date":"2019-11-12T15:33:21","date_gmt":"2019-11-12T14:33:21","guid":{"rendered":"https:\/\/vetomshop.hu\/?post_type=product&#038;p=453"},"modified":"2026-04-12T08:28:47","modified_gmt":"2026-04-12T06:28:47","slug":"vetom-3-22-probiotikum-csepp","status":"publish","type":"product","link":"https:\/\/vetomshop.hu\/ga\/product\/vetom-3-22-probiotikum-csepp\/","title":{"rendered":"Vetom Pr\u00f3ibhitheach <span style=\"color: red\">3.22<\/span><br>titim <span style=\"color: red\">10 ml<\/span> (forl\u00edonadh aiste bia)"},"content":{"rendered":"<h3>Scealpa\u00ed pro-bhiotacha Vetom 3.22 (forl\u00edonadh aiste bia)<\/h3>\n<p>Is pr\u00f3ibheathach n\u00e1d\u00fartha \u00e9 Vetom 4 at\u00e1 bunaithe ar na h\u00e9ifeachta\u00ed tairbheacha de *Bacillus amyloliquefaciens*. Is sa *st\u00e9ig mh\u00f3r agus sa st\u00e9ig bheag* a iolra\u00edonn an baict\u00e9ar seo go pr\u00edomha, \u00e1it a dt\u00e1irgeann s\u00e9 eins\u00edm\u00ed \u00e9ags\u00fala (a dh\u00e9anann d\u00edle\u00e1 ar phr\u00f3it\u00e9in, ar st\u00e1irse agus ar shn\u00e1ith\u00edn) agus substaint\u00ed bithghn\u00edomhacha.<\/p>\n<h2>Is iad seo:<\/h2>\n<p>* cosc a chur ar fh\u00e1s baict\u00e9ar agus fungas d\u00edobh\u00e1lach,<br \/>\n* cabhr\u00fa le balla an phutha a ghlanadh de dhramha\u00edl neamhdh\u00edle\u00e1ite,<br \/>\n* tac\u00fa le hions\u00fa cothaitheach,<br \/>\n* d\u00edthocsaini\u00fa an choirp a chur chun cinn.<\/p>\n<p>Cuid\u00edonn iont\u00f3g\u00e1il rialta Vetom 4 le forbairt fl\u00f3ra fh\u00e1scach shl\u00e1inti\u00fail, feabhsa\u00edonn s\u00e9 an d\u00edle\u00e1, agus cabhra\u00edonn s\u00e9 le h\u00fas\u00e1id cothaitheach agus fuinnimh ag an gcorp.<\/p>\n<h2>Vetom a Ceathair<\/h2>\n<p>Taca\u00edonn s\u00e9 le cothroma\u00edocht n\u00e1d\u00fartha an ch\u00f3rais st\u00e9igeach<br \/>\n* Normal\u00fa ar an d\u00edle\u00e1 agus ar an meitibileacht<br \/>\nFeabhsa\u00edonn s\u00e9 feidhm an ch\u00f3rais imdh\u00edonachta<br \/>\nLaghda\u00edonn s\u00e9 fo-iarsma\u00ed c\u00f3gas<br \/>\nCosna\u00edonn s\u00e9 an corp ar leibh\u00e9al na gceall, ag cuidi\u00fa le forbairt na bhf\u00e1sach a chosc.<\/p>\n<h2>Bunt\u00e1ist\u00ed:<\/h2>\n<p>* \u00c9ifeacht frithbhaict\u00e9arach agus fhrithfhungasach<br \/>\nFrithv\u00edreasach agus treisitheoir imdh\u00edonachta<br \/>\nTaca\u00edonn s\u00e9 leis an d\u00edle\u00e1 tr\u00edna air\u00edonna a th\u00e1irgeann eins\u00edm\u00ed.<br \/>\nCuid\u00edonn s\u00e9 le hathghini\u00faint na gceall<br \/>\nCuireann s\u00e9 bac ar fhorbairt agus ar iomad\u00fa ceall galraithe agus ailseach.<br \/>\nN\u00ed chrutha\u00edonn s\u00e9 and\u00fail, r\u00f3dh\u00e1ileog n\u00e1 fo-iarmhairt\u00ed<br \/>\nOiri\u00fanach do dhaoine f\u00e1sta d'aois ar bith (os cionn 14 bliana d'aois)<\/p>\n<h2>R\u00e9imse feidhme:<\/h2>\n<p>Moltar \u00e9 mar fhorl\u00edonadh aiste bia at\u00e1 gn\u00edomhach go bitheola\u00edoch chun tac\u00fa le feidhm an bholg agus na n-intest\u00e1n agus chun fl\u00f3ra na n-intest\u00e1n a athbhun\u00fa.<\/p>\n<h2>D\u00e1ileog:<\/h2>\n<p>T\u00f3g 1 chaipl\u00edn 2\u20133 huaire sa l\u00e1 ar feadh 10 l\u00e1, roimh, le linn n\u00f3 tar \u00e9is b\u00e9il\u00ed, le beag\u00e1n leachta (uisce, tae n\u00f3 s\u00fa tortha\u00ed). Tabhair aird ar fhreagairt\u00ed do choirp agus an forl\u00edonadh \u00e1 ghlacadh agat agus, m\u00e1s g\u00e1, m\u00e9adaigh an d\u00e1ileog de r\u00e9ir a ch\u00e9ile go 5\u201310 gcaipl\u00edn in aghaidh an lae.<\/p>\n<p>* Is f\u00e9idir an ch\u00f3ire\u00e1il a athdh\u00e9anamh am ar bith tar \u00e9is sos 1\u20132 sheachtaine. Moltar \u00e9 a mhalart\u00fa le cine\u00e1lacha eile de th\u00e1irg\u00ed Vetom \u00f3 am go ch\u00e9ile chun tac\u00fa leis an gcorp ioml\u00e1n.<\/p>\n<h2>Moladh:<\/h2>\n<p>Moltar an ch\u00f3ire\u00e1il a athdh\u00e9anamh tar \u00e9is sos de 1\u20132 sheachtain. \u00d3 am go ham, moltar aistri\u00fa go cine\u00e1l difri\u00fail de ullmh\u00f3id Vetom chun taca\u00edocht chuimsitheach a thabhairt don chorp.<\/p>\n<h2>Eolas t\u00e1bhachtach:<\/h2>\n<p>*Frithl\u00e9irithe: hipir\u00edogaireacht do chomh\u00e1bhair \u00e1irithe<br \/>\n*Toircheas\/beath\u00fa c\u00edche: tar \u00e9is dul i gcomhairle le docht\u00fair amh\u00e1in<br \/>\nN\u00ed dh\u00e9anann s\u00e9 difear do thiom\u00e1int n\u00e1 d'oibri\u00fa innealra cont\u00fairtigh.<\/p>\n<h2>Eolas eile:<\/h2>\n<p>N\u00ed dh\u00e9anann s\u00e9 difear do thiom\u00e1int n\u00e1 d'oibri\u00fa innealra cont\u00fairtigh.<br \/>\nSt\u00f3r\u00e1il: in \u00e1it thirim, fhuar (uasmh\u00e9id 30 \u00b0C), as aimsi\u00fa na bp\u00e1ist\u00ed<br \/>\n* Bar\u00e1ntas: 2 bhliain \u00f3 dh\u00e1ta an mhonaraithe<br \/>\n* Pac\u00e1isti\u00fa: 10 gcaps\u00fal i bpaic\u00e9id bhl\u00e1stracha, 5 phaic\u00e9ad i mbosca (50 caps\u00fal san ioml\u00e1n)<\/p>\n<h2>Coinn\u00edollacha st\u00f3r\u00e1la:<\/h2>\n<p>St\u00f3r\u00e1il in \u00e1it fhionnuar thirim (uas. 30\u00b0C, uas. 75% taise)<br \/>\nCoinnigh amach as aimsi\u00fa na bp\u00e1ist\u00ed.<br \/>\nTr\u00e9imhse an bhar\u00e1ntais: 2 bhliain \u00f3n d\u00e1ta monara\u00edochta<br \/>\nT\u00edr bhunaidh: An R\u00fais<\/p>\n<h2>\u00c1bhar caps\u00fal amh\u00e1in:<\/h2>\n<p>* Sliocht arbhair Indiach \u2013 133 mg<br \/>\n* St\u00e1irse pr\u00e1ta\u00ed \u2013 100 mg<br \/>\n* S\u00facraise (si\u00facra p\u00fadrach) \u2013 67 mg<br \/>\n* **Bacillus amyloliquefaciens VKPM B-10643** str\u00e1in baict\u00e9arach pr\u00f3ibheiseach (DSM 24615) \u2013 30 mg (1\u00d710\u2079 CFU\/g)<\/p>\n<p>Leagan coibh\u00e9iseach eile i bhfoirm titeanna: Vetom 4.24 (10 ml)<\/p>\n<p>\u00c1it bhunaidh: <strong>An R\u00fais<\/strong><\/p>","protected":false},"excerpt":{"rendered":"<h5>Iarratas<\/h5>\n<p>An <strong>Cuirfidh m\u00e9 s\u00edol.<\/strong> <span style=\"color: red; font-weight: 800;\">3.22<\/span> \u00das\u00e1idtear \u00e9 mar fhoinse forl\u00edonta de mhiocrorg\u00e1naigh phr\u00f3ibheait\u00edocha chun sl\u00e1inte an duine a fheabhs\u00fa. Is amhlaidh a nearta\u00edonn s\u00e9 de bharr <strong>Bacillus miloliquefaciens<\/strong>, a iolra\u00edonn go pr\u00edomha sa st\u00e9ig mh\u00f3r agus a th\u00e1irgeann eins\u00edm\u00ed pr\u00f3it\u00e9ola\u00edocha, aim\u00edola\u00edocha, ceallal\u00f3is\u00edocha agus substaint\u00ed bitheola\u00edoch gn\u00edomhacha eile.<\/p>\n<div class=\"plashka\">Mar thoradh ar an bpr\u00f3iseas seo, claochla\u00edtear fl\u00f3ra baict\u00e9arach an chonair d\u00edle\u00e1 go dt\u00ed go mb\u00edonn s\u00e9 comhionann leis an norm a d'fhorbair le linn na h\u00e9abhl\u00f3ide. Glantar balla\u00ed an chonair d\u00edle\u00e1 \u00f3 iarmhair bia dho-dh\u00edle\u00e1, rud a chuireann le baint ghn\u00edomhach tocsain\u00ed as an gcorp agus le hiompar gan bhac\u00e1n substaint\u00ed bitheola\u00edoch ghn\u00edomhacha agus cothaitheach.<\/div>\n<p>A <strong>Cuirfidh m\u00e9 s\u00edol.<\/strong> <span style=\"color: red; font-weight: 800;\">3.22<\/span> M\u00e9ada\u00edonn s\u00e9 \u00e9ifeachtacht na ndruga\u00ed agus laghda\u00edonn s\u00e9 a n-\u00e9ifeachta\u00ed d\u00edobh\u00e1lacha ar chorp an duine.<\/p>\n<h6>Air\u00edonna:<\/h6>\n<ul class=\"vetom-list\">\n<li>T\u00e1 gn\u00edomha\u00edocht antagonach ard aige i gcoinne fungas agus baict\u00e9ir phataigineacha agus choinn\u00edollach phataigineach, agus t\u00e1 air\u00edonna frithv\u00edreasacha, pr\u00f3it\u00e9olaitice, aimil\u00e9ilaitice agus ceallalaitice aige.<\/li>\n<li>Spreagann s\u00e9 facht\u00f3ir\u00ed imdh\u00edonachta ceallacha agus humaracha<\/li>\n<li>M\u00e9ada\u00edonn s\u00e9 frithsheasmhacht neamhshonrach an choirp<\/li>\n<li>Cobhs\u00e1ideann s\u00e9 frithsheasmhacht aill\u00e9irgeach<\/li>\n<li>Norm\u00e1la\u00edonn s\u00e9 an mheitibileacht.<\/li>\n<li>Spreagann s\u00e9 pr\u00f3isis athghini\u00fana, ionsa\u00edonn s\u00e9 agus scriosann s\u00e9 cealla ailseacha agus cealla galraithe.<\/li>\n<\/ul>\n<div class=\"plashka\">A <strong>Cuirfidh m\u00e9 s\u00edol.<\/strong> <span style=\"color: red; font-weight: 800;\">3.22<\/span> D\u00e9anann s\u00e9 an d\u00edle\u00e1, ions\u00fa agus meitibileacht an iarn\u00f3ige, an chailciam, na saillte, na pr\u00f3it\u00e9in\u00ed, na carbaihiodr\u00e1it\u00ed, na dtr\u00edghlicr\u00edd\u00ed, na haim\u00ednaig\u00e9id, na dipeipt\u00edd\u00ed agus na salainn bhile a normal\u00fa, agus d\u00e9anann s\u00e9 timpeallacht aig\u00e9adach an ch\u00f3rais d\u00edle\u00e1 a normal\u00fa.<\/div>","protected":false},"featured_media":6613,"comment_status":"open","ping_status":"closed","template":"","meta":[],"product_brand":[],"product_cat":[22],"product_tag":[],"class_list":{"0":"post-453","1":"product","2":"type-product","3":"status-publish","4":"has-post-thumbnail","6":"product_cat-vetom-probiotikumok","8":"first","9":"instock","10":"featured","11":"taxable","12":"shipping-taxable","13":"purchasable","14":"product-type-simple"},"_links":{"self":[{"href":"https:\/\/vetomshop.hu\/ga\/wp-json\/wp\/v2\/product\/453","targetHints":{"allow":["GET"]}}],"collection":[{"href":"https:\/\/vetomshop.hu\/ga\/wp-json\/wp\/v2\/product"}],"about":[{"href":"https:\/\/vetomshop.hu\/ga\/wp-json\/wp\/v2\/types\/product"}],"replies":[{"embeddable":true,"href":"https:\/\/vetomshop.hu\/ga\/wp-json\/wp\/v2\/comments?post=453"}],"wp:featuredmedia":[{"embeddable":true,"href":"https:\/\/vetomshop.hu\/ga\/wp-json\/wp\/v2\/media\/6613"}],"wp:attachment":[{"href":"https:\/\/vetomshop.hu\/ga\/wp-json\/wp\/v2\/media?parent=453"}],"wp:term":[{"taxonomy":"product_brand","embeddable":true,"href":"https:\/\/vetomshop.hu\/ga\/wp-json\/wp\/v2\/product_brand?post=453"},{"taxonomy":"product_cat","embeddable":true,"href":"https:\/\/vetomshop.hu\/ga\/wp-json\/wp\/v2\/product_cat?post=453"},{"taxonomy":"product_tag","embeddable":true,"href":"https:\/\/vetomshop.hu\/ga\/wp-json\/wp\/v2\/product_tag?post=453"}],"curies":[{"name":"uair an chloig","href":"https:\/\/api.w.org\/{rel}","templated":true}]}}