{"id":4672,"date":"2023-11-11T14:33:46","date_gmt":"2023-11-11T13:33:46","guid":{"rendered":"https:\/\/vetomshop.hu\/termek\/aqua-medal\/"},"modified":"2023-11-11T14:33:46","modified_gmt":"2023-11-11T13:33:46","slug":"aqua-medal","status":"publish","type":"product","link":"https:\/\/vetomshop.hu\/ga\/product\/aqua-medal\/","title":{"rendered":"Monn\u00e1id Uisce"},"content":{"rendered":"<p><strong>Monn\u00e1id Uisce<\/strong> \u2013 Tugann uisce beatha an bheatha, spreagann s\u00e9, caomhna\u00edonn s\u00e9 an bheatha, agus t\u00e1 \u00e9ifeacht ghn\u00edomhach aige a athch\u00f3is\u00edonn fuinneamh r\u00edth\u00e1bhachtach.<\/p>\n<p>Is \u00e9 seo go d\u00edreach an cusp\u00f3ir at\u00e1 leis an iompr\u00f3ir faisn\u00e9ise neamhsple\u00e1ch AQUA \u2013BioTrEM. A bhu\u00ed le teicneola\u00edocht eisiach BioTrEM, t\u00e1 faisn\u00e9is ch\u00f3daithe sa leathsheolt\u00f3ir a bhaineann leis an bhfeiste, faisn\u00e9is at\u00e1 dinimici\u00fail \u00f3 n\u00e1d\u00far agus a chuid\u00edonn leis na h\u00e9ifeachta\u00ed liostaithe a bhaint amach. T\u00e1 air\u00edonna comhchos\u00fala ag foins\u00ed at\u00e1 ag \u00e9ir\u00ed n\u00edos neamhchoitianta ar an Domhan, agus a choinn\u00edonn a nglanadh go m\u00edor\u00failteach.<\/p>\n<div class=\"su-spoiler su-spoiler-style-defoult su-spoiler-icon-caret su-spoiler-closed\" data-scroll-offset=\"0\" data-anchor-in-url=\"no\"><div class=\"su-spoiler-title\" tabindex=\"0\" role=\"button\"><span class=\"su-spoiler-icon\"><\/span>Gach<\/div><div class=\"su-spoiler-content su-u-clearfix su-u-trim\">\n<p>Ba \u00e9 athr\u00fa na gcoinn\u00edollacha in\u00e1r linn a d'\u00e9iligh forbairt an fheiste seo. Le blianta beaga anuas, t\u00e1 earn\u00e1il na sl\u00e1inte ag tabhairt faoi deara go buartha an m\u00e9ad\u00fa ar l\u00edon na n-euslaint\u00ed agus na mb\u00e1sanna, n\u00ed hamh\u00e1in i measc leana\u00ed agus daoine scothaosta, ach i measc an daonra oibre freisin. Ar an drochuair, t\u00e1 laige shuntasach tagtha ar an gc\u00f3ras imdh\u00edonachta agus meath ar an bhfuinneamh r\u00edth\u00e1bhachtach at\u00e1 riachtanach chun teacht i gceann ar thinneas agus ar athshl\u00e1n\u00fa. I bhfocail eile, rinneadh dam\u00e1iste do na cl\u00e1ir at\u00e1 riachtanach chun oiri\u00fan\u00fa don timpeallacht athraithe agus chun f\u00e9in-athghini\u00faint a dh\u00e9anamh, n\u00f3 atheagra\u00edodh iad. \u00c9il\u00edonn na hathruithe cosmo-fhisiceacha at\u00e1 ag m\u00e9ad\u00fa go mear athghini\u00faint agus athch\u00f3iri\u00fa na gcl\u00e1r g\u00e9initeach oiri\u00fanaithe agus f\u00e9inleighis at\u00e1 dam\u00e1istithe. Murach sin, d'fh\u00e9adfadh marthanas an duine aonair, agus fi\u00fa an chine daonna ina ioml\u00e1ine, a bheith i mbaol.<\/p>\n<p>Uisce \u2013 cunaidh na beatha, a chaomhnaigh le fada an phr\u00edomh-mhatriks beatha agus treo a chuid athruithe mar fhreagra ar thionchair an chomhshaoil. Cuireann uisce in oiri\u00faint agus athra\u00edonn s\u00e9 n\u00edos tap\u00fala mar fhreagra ar thionchair agus ar \u00e9ilimh an chomhshaoil n\u00e1 org\u00e1naigh bhitheola\u00edocha agus an timpeallacht bhitheola\u00edoch. T\u00e1 cl\u00fadach uisce an Domhain i gc\u00f3na\u00ed ag caomhn\u00fa na gcl\u00e1r bunaidh f\u00e9in-athghini\u00fanacha agus an fh\u00e9idearthacht go gcuirf\u00ed i bhfeidhm iad, a th\u00e1inig i mbun oibre tr\u00ed idirghn\u00edomh\u00fa le timpeallacht uisceach na n-org\u00e1nach. Ag an am c\u00e9anna, t\u00e1 s\u00e9 tugtha faoi deara ag \u00e9iceolaithe go ndearnadh dam\u00e1iste do shaintr\u00e9ithe strucht\u00faracha-eolasacha na n-uisc\u00ed n\u00e1d\u00fartha a chothaigh cl\u00fadach uisce an Domhain. N\u00ed hamh\u00e1in athruithe cosmo-fhisiceacha ba ch\u00fais leis an dam\u00e1iste seo, ach gn\u00edomhartha millteacha an speicis dhaonna freisin. Is \u00e9 seo a chuireann bac ar chur i gcr\u00edch athruithe \u00e9abhl\u00f3ideacha r\u00edth\u00e1bhachtacha agus ar lean\u00fanachas na beatha ar an Domhan.<\/p>\n<p>Crutha\u00edodh r\u00e9imse ilchisealach casta an iompr\u00f3ra faisn\u00e9ise AQUA mar chaighde\u00e1n a oireann do athruithe nua ardmhinic\u00edochta sa timpeallacht agus a chuireann t\u00fas leis na cl\u00e1ir is g\u00e1 le haghaidh an aistrithe tr\u00edd an uisce. D\u00e9anann an fheiste strucht\u00far\u00fa ar r\u00e9imse an uisce agus, ag athshondas le timpeallacht uisci\u00fail an choirp (fual, limfe, sreabh\u00e1n tionscnaigh, sreabh\u00e1n idircheallach, sreabh\u00e1n sna cealla), d\u00e9anann s\u00ed \u00e9 a strucht\u00far\u00fa \u201eina h\u00edomh\u00e1 f\u00e9in\u201d. Chomh luath is a \u00e9ir\u00edonn ord inmhe\u00e1nach an uisce os cionn 60%, gn\u00edomhachta\u00edtear cl\u00e1r g\u00e9initeach f\u00e9in-athghini\u00fanach an choirp.<br \/>\n<\/div><\/div>","protected":false},"excerpt":{"rendered":"<p>Aqua Med\u00e1l \u2013 az \u00e9letalkot\u00f3 v\u00edz \u00e9letet ad, \u00e9l\u00e9nk\u00edt, \u00e9letmeg\u00f3v\u00f3, valamint aktiv\u00e1l\u00f3, \u00e9letenergi\u00e1t vissza\u00e1ll\u00edt\u00f3 hat\u00e1ssal b\u00edr. \u00c9ppen ezt a c\u00e9lt szolg\u00e1lja az AQUA \u2013BioTrEM \u00f6n\u00e1ll\u00f3 inform\u00e1ci\u00f3hordoz\u00f3 alkalmaz\u00e1sa. Az exkluz\u00edv BioTrEM-technol\u00f3gi\u00e1nak k\u00f6sz\u00f6nhet\u0151en a k\u00e9sz\u00fcl\u00e9k f\u00e9lvezet\u0151je olyan k\u00f3dolt inform\u00e1ci\u00f3t tartalmaz, mely dinamikus term\u00e9szettel b\u00edr \u00e9s seg\u00edts\u00e9g\u00e9vel a felsorolt hat\u00e1s el\u00e9rhet\u0151v\u00e9 v\u00e1lik. Hasonl\u00f3 tulajdons\u00e1ggal rendelkeznek a F\u00f6ld\u00f6n sajnos [&hellip;]<\/p>\n","protected":false},"featured_media":4671,"comment_status":"open","ping_status":"closed","template":"","meta":[],"product_brand":[],"product_cat":[33,32],"product_tag":[],"class_list":{"0":"post-4672","1":"product","2":"type-product","3":"status-publish","4":"has-post-thumbnail","6":"product_cat-egeszseg-medalok","7":"product_cat-triomed","9":"first","10":"instock","11":"taxable","12":"shipping-taxable","13":"purchasable","14":"product-type-simple"},"_links":{"self":[{"href":"https:\/\/vetomshop.hu\/ga\/wp-json\/wp\/v2\/product\/4672","targetHints":{"allow":["GET"]}}],"collection":[{"href":"https:\/\/vetomshop.hu\/ga\/wp-json\/wp\/v2\/product"}],"about":[{"href":"https:\/\/vetomshop.hu\/ga\/wp-json\/wp\/v2\/types\/product"}],"replies":[{"embeddable":true,"href":"https:\/\/vetomshop.hu\/ga\/wp-json\/wp\/v2\/comments?post=4672"}],"wp:featuredmedia":[{"embeddable":true,"href":"https:\/\/vetomshop.hu\/ga\/wp-json\/wp\/v2\/media\/4671"}],"wp:attachment":[{"href":"https:\/\/vetomshop.hu\/ga\/wp-json\/wp\/v2\/media?parent=4672"}],"wp:term":[{"taxonomy":"product_brand","embeddable":true,"href":"https:\/\/vetomshop.hu\/ga\/wp-json\/wp\/v2\/product_brand?post=4672"},{"taxonomy":"product_cat","embeddable":true,"href":"https:\/\/vetomshop.hu\/ga\/wp-json\/wp\/v2\/product_cat?post=4672"},{"taxonomy":"product_tag","embeddable":true,"href":"https:\/\/vetomshop.hu\/ga\/wp-json\/wp\/v2\/product_tag?post=4672"}],"curies":[{"name":"uair an chloig","href":"https:\/\/api.w.org\/{rel}","templated":true}]}}