{"id":4714,"date":"2023-11-11T14:33:54","date_gmt":"2023-11-11T13:33:54","guid":{"rendered":"https:\/\/vetomshop.hu\/termek\/triomed-compact\/"},"modified":"2023-11-11T14:33:54","modified_gmt":"2023-11-11T13:33:54","slug":"triomed-compact","status":"publish","type":"product","link":"https:\/\/vetomshop.hu\/ga\/product\/triomed-compact\/","title":{"rendered":"Triomed dl\u00fath"},"content":{"rendered":"<h4>Faochadh pian, laghd\u00fa athlasaidh, d\u00edthocsaini\u00fa, athshl\u00e1n\u00fa, c\u00f3ire\u00e1il ch\u00fais\u00edoch, an ch\u00e9ad chabhair, galair ainsealacha, leictreosmog, strus, teiripe solais<\/h4>\n<p>C\u00f3ras nu\u00e1la\u00edochta chun sl\u00e1inte a chosaint agus a athbhun\u00fa \u2013 <strong>Triomed dl\u00fath.<\/strong><\/p>\n<p>Cloisimid beagnach go laeth\u00fail go bhfuil \u00e1r dtimpeallacht ag \u00e9ir\u00ed n\u00edos ionsaith\u00ed.<\/p>\n<p>Is d\u00fashl\u00e1n m\u00f3r iad ceimice\u00e1in san bia agus san uisce, truailli\u00fa an aeir agus luas an tsaoil at\u00e1 ag m\u00e9ad\u00fa i gc\u00f3na\u00ed d\u00e1r gcorp. Is \u00fadar m\u00f3r imn\u00ed iad freisin galair an tsibhialtachta, a fhorbra\u00edonn de bharr athruithe ar thosca comhshaoil agus ar n\u00f3sanna itheach\u00e1in, ar dh\u00e1la\u00ed oibre agus ar STRUS. Is d\u00fashl\u00e1n m\u00f3r do dhocht\u00fair\u00ed iad na galair seo a ch\u00f3ire\u00e1il, mar is minic nach bhfuil aon chumhacht acu aon rud a dh\u00e9anamh f\u00fathu. Tar \u00e9is scr\u00faduithe fada, is minic a thugtar ainm Laidine a bhfuil fuaim mhaith (n\u00f3 b'fh\u00e9idir olc) leis mar dhiagn\u00f3is, mar aon leis an gcomhairle go gcaithfimid maireacht\u00e1il leis.<\/p>\n<p>Ach an bhfuil s\u00e9 taitneamhach do shaol a chaitheamh i staid chomh h\u00e9ad\u00f3chasach sin, ag caitheamh na sc\u00f3rtha bliain idir breoiteacht agus b\u00e1s? C\u00e9 mh\u00e9ad pian, \u00edobairt, fuinnimh, airgid, ama agus d\u00edom\u00e1 a ghabhann leis an othar ar a aistear? C\u00e9 mh\u00e9ad plean, sprioc, gairm agus mianta neamhchomhl\u00edonta a chaitear i dtraipis\u00ed toisc, as sin amach, go mb\u00edonn gach rud ag casadh timpeall ar an mbreoiteacht?<\/p>\n<div class=\"su-spoiler su-spoiler-style-defoult su-spoiler-icon-caret su-spoiler-closed\" data-scroll-offset=\"0\" data-anchor-in-url=\"no\"><div class=\"su-spoiler-title\" tabindex=\"0\" role=\"button\"><span class=\"su-spoiler-icon\"><\/span>Gach<\/div><div class=\"su-spoiler-content su-u-clearfix su-u-trim\">\n<p>An cheist: an f\u00e9idir linn a bheith sl\u00e1inti\u00fail mura n-athra\u00edmid?<\/p>\n<p>An nd\u00edr\u00edmid ar ch\u00faiseanna na ngalar amh\u00e1in agus an gcuirimid r\u00e9itigh ph\u00e1irteacha i bhfeidhm?<\/p>\n<p>Is \u00e9 an freagra n\u00e1 N\u00cd HEA go soil\u00e9ir! Faigh amach c\u00f3ras casta at\u00e1 uath\u00fail d\u00e1 leith\u00e9id!<\/p>\n<p>C\u00e9im\u00edonn \u00e1r ngl\u00e9asanna do thinneas, feabhsa\u00edonn siad do ch\u00e1il\u00edocht beatha, cabhra\u00edonn siad leat oiri\u00fan\u00fa do thimpeallacht athraithe agus at\u00e1 ag s\u00edorathr\u00fa, agus fi\u00fa \u00ed a athr\u00fa.<\/p>\n<p>N\u00ed hamh\u00e1in gur f\u00e9idir linn tortha\u00ed den scoth a bhaint amach i gc\u00f3ire\u00e1il galar \u00e9ags\u00fail, pianta, athlasadh, pr\u00f3isis uath-imdh\u00edonachta agus drochghi\u00famair, ach is f\u00e9idir linn na bunch\u00faiseanna a dh\u00edoth\u00fa freisin! Baintear \u00e9 seo go l\u00e9ir amach tr\u00ed chumars\u00e1id lean\u00fanach an fheiste le do chorp, agus freagra\u00edonn gach r\u00edog do do riocht reatha.<\/p>\n<p>Bitheaiseolas \u2013 sa raon minic\u00edochta raidi\u00f3.<\/p>\n<p>Cosaint sl\u00e1inte mar is gn\u00e1ch! Cur chuige uath\u00fail!<\/p>\n<p>Le br\u00fa cnaipe:<\/p>\n<ul>\n<li>Feabhsa\u00edonn s\u00e9 d'fhoriomhaise \u00e9iceola\u00edoch \u2013 teiripe millim\u00e9adar trasna an achair,<\/li>\n<li>Feabhsa\u00edonn s\u00e9 c\u00e1il\u00edocht an uisce agus an bhia \u2013 cuireann s\u00e9 ord agus eagar ar ais san uisce agus sa bhia, ag laghd\u00fa na ndrochthionchar.<\/li>\n<li>Faois\u00edonn s\u00e9 strus ag an obair agus in \u00e1iteanna eile, ag m\u00e9ad\u00fa \u00e1r bhfulaingthe.<\/li>\n<\/ul>\n<p>An ch\u00e9ad ch\u00e9im eile: cuir i bhfeidhm go rialta \u00e9 chun do chuid fadhbanna a r\u00e9iteach!<\/p>\n<p>Triomed Compact \u2013 an Gairm\u00ed!<\/p>\n<p><strong>Taith\u00ed:<\/strong> Bh\u00ed eisp\u00e9iris an-mhaith agam le gl\u00e9asanna Triomed agus Compact. Nuair a bh\u00edomar tinn, cneasta\u00edodh na fr\u00edd\u00edn\u00ed ba dh\u00f3chasa\u00ed f\u00e9in go hioml\u00e1n i gceann c\u00fapla l\u00e1 go tr\u00ed l\u00e1 gan c\u00f3gas. T\u00e1 m\u00e9 torrach, agus le linn ceann de na h-ultrashonair\u00ed, fuair an docht\u00fair ciste i gclaigeann \u00e1r linbh. Dhearbhaigh s\u00e9 dom go mbeadh gach rud ceart go leor, agus bh\u00ed m\u00e9 ar mo shuaimhneas go hioml\u00e1n, agus a fhios agam go n-imeodh an chist as go hioml\u00e1n tar \u00e9is c\u00fapla c\u00f3ire\u00e1il. Agus sin go d\u00edreach a tharla!!! Is cinnte nach mbeinn chomh suaimhneach sin mar mh\u00e1thair ag s\u00fail le p\u00e1iste mura mbeadh eolas agam ar na gl\u00e9asanna seo. T\u00e1 an-\u00e1thas orm gur aimsigh m\u00e9 iad sular \u00e9irigh m\u00e9 torrach.<\/p>\n<p>Tabhair faoi deara: N\u00ed hionann an gl\u00e9as seo agus c\u00f3ire\u00e1il leighis.<\/p>\n<p>Cuireann gach modh oibri\u00fach\u00e1in cl\u00e1r sonrach i bhfeidhm.<\/p>\n<p>Oibr\u00edonn TRIOMED COMPACT in ocht modh oibri\u00fach\u00e1in.<\/p>\n<p>Cuireann gach modh oibri\u00fach\u00e1in cl\u00e1r sonrach, uath\u00fail i bhfeidhm.<\/p>\n<\/div><\/div>","protected":false},"excerpt":{"rendered":"<p>F\u00e1jdalomcsillap\u00edt\u00e1s, gyullad\u00e1s cs\u00f6kkent\u00e9s, lugos\u00edt\u00e1s, rehabilit\u00e1ci\u00f3, oki kezel\u00e9s, els\u0151seg\u00e9ly, kr\u00f3nikus betegs\u00e9gek, elektroszmog, stressz, f\u00e9nyter\u00e1pia Az eg\u00e9szs\u00e9g v\u00e9delm\u00e9nek \u00e9s vissza\u00e1ll\u00edt\u00e1s\u00e1nak innov\u00e1ci\u00f3s rendszere \u2013 Triomed compact. Szinte naponta hallunk arr\u00f3l, hogy k\u00f6rnyezet\u00fcnk egyre agressz\u00edvebb\u00e9 v\u00e1lt. Az \u00e9lelmiszerekben \u00e9s a v\u00edzben tal\u00e1lhat\u00f3 vegyszerek, a leveg\u0151 szennyezetts\u00e9ge, az egyre gyorsabb \u00e9lettemp\u00f3 komoly kih\u00edv\u00e1sok el\u00e9 \u00e1ll\u00edtja szervezet\u00fcnket. Komoly aggodalomra adhatnak okot [&hellip;]<\/p>\n","protected":false},"featured_media":4713,"comment_status":"open","ping_status":"closed","template":"","meta":[],"product_brand":[],"product_cat":[34,32],"product_tag":[],"class_list":{"0":"post-4714","1":"product","2":"type-product","3":"status-publish","4":"has-post-thumbnail","6":"product_cat-keszulekek","7":"product_cat-triomed","9":"first","10":"instock","11":"taxable","12":"shipping-taxable","13":"purchasable","14":"product-type-simple"},"_links":{"self":[{"href":"https:\/\/vetomshop.hu\/ga\/wp-json\/wp\/v2\/product\/4714","targetHints":{"allow":["GET"]}}],"collection":[{"href":"https:\/\/vetomshop.hu\/ga\/wp-json\/wp\/v2\/product"}],"about":[{"href":"https:\/\/vetomshop.hu\/ga\/wp-json\/wp\/v2\/types\/product"}],"replies":[{"embeddable":true,"href":"https:\/\/vetomshop.hu\/ga\/wp-json\/wp\/v2\/comments?post=4714"}],"wp:featuredmedia":[{"embeddable":true,"href":"https:\/\/vetomshop.hu\/ga\/wp-json\/wp\/v2\/media\/4713"}],"wp:attachment":[{"href":"https:\/\/vetomshop.hu\/ga\/wp-json\/wp\/v2\/media?parent=4714"}],"wp:term":[{"taxonomy":"product_brand","embeddable":true,"href":"https:\/\/vetomshop.hu\/ga\/wp-json\/wp\/v2\/product_brand?post=4714"},{"taxonomy":"product_cat","embeddable":true,"href":"https:\/\/vetomshop.hu\/ga\/wp-json\/wp\/v2\/product_cat?post=4714"},{"taxonomy":"product_tag","embeddable":true,"href":"https:\/\/vetomshop.hu\/ga\/wp-json\/wp\/v2\/product_tag?post=4714"}],"curies":[{"name":"uair an chloig","href":"https:\/\/api.w.org\/{rel}","templated":true}]}}