{"id":4739,"date":"2023-11-11T14:34:00","date_gmt":"2023-11-11T13:34:00","guid":{"rendered":"https:\/\/vetomshop.hu\/termek\/trio-women-jelado\/"},"modified":"2023-11-11T14:34:00","modified_gmt":"2023-11-11T13:34:00","slug":"trio-women-jelado","status":"publish","type":"product","link":"https:\/\/vetomshop.hu\/ga\/product\/trio-women-jelado\/","title":{"rendered":"Tarchurad\u00f3ir tri\u00far ban"},"content":{"rendered":"<h4>Radaitheoir Speisialta Tr\u00ed Mhn\u00e1<\/h4>\n<p>Do mhn\u00e1, Uimhir 8.<\/p>\n<p>Molta: chun c\u00falchist\u00ed feidhmi\u00fala agus cumas choirp an duine oiri\u00fan\u00fa d'aimhr\u00e9id\u00ed comhshaoil, do thosca st\u00edl mhaireacht\u00e1la n\u00f3 d'othracht a bharrfheabhs\u00fa.<\/p>\n<p><strong>Molta: <\/strong>Do chail\u00edn\u00ed agus do mhn\u00e1.<\/p>\n<p><strong>Iarmhairt:<\/strong> \u00e9ifeacht fhorioml\u00e1n chun an tsl\u00e1inte a chur chun cinn, agus saintr\u00e9ithe choirp na mban \u00e1 gcur san \u00e1ireamh (r\u00e9imse s\u00edce-mhoth\u00fach\u00e1nach, rial\u00e1il n\u00e9ar-horm\u00f3nach).<\/p>\n<p><strong>Meicn\u00edocht gn\u00edomha\u00edochta:<\/strong> Dearadh an cl\u00e1r (mhinic\u00edocht iompair, modhn\u00fa \u00edsealmhinic\u00edochta agus paraim\u00e9adair amplit\u00faide) go speisialta do chorp na mban chun c\u00fanamh a thabhairt d\u00f3 nuair a \u00fas\u00e1idtear go c\u00f3rasach \u00e9.<\/p>\n<p>D\u00e9anann \u00fas\u00e1id theiripeach na rada\u00edochta gn\u00e1th\u00fa ar phr\u00f3isis throfacha agus mheitibileacha i gcealla agus i bhf\u00edoch\u00e1in, d\u00e9anann s\u00ed iad a athghini\u00faint, b\u00edonn \u00e9ifeacht chomhchoiteann chomhchu\u00ed aici ar org\u00e1in, ar ch\u00f3rais org\u00e1n agus ar an gcorp ioml\u00e1n, agus m\u00e9ada\u00edonn s\u00ed frithsheasmhacht neamhshonrach an choirp. T\u00e1 na tortha\u00ed dearfacha sin mar thoradh, ar thaobh amh\u00e1in, ar aiseolas bith-athshondais na gceall, ar an gc\u00f3ras adamhach-fiseola\u00edoch agus ar an gc\u00f3ras rialaithe n\u00e9ar-h\u00famarach, agus ar an taobh eile, ar ghn\u00edomhacht\u00fa an mheicn\u00edoid oiri\u00fanaithe (siondr\u00f3m ginear\u00e1lta oiri\u00fanaithe).<\/p>\n<div class=\"su-spoiler su-spoiler-style-defoult su-spoiler-icon-caret su-spoiler-closed\" data-scroll-offset=\"0\" data-anchor-in-url=\"no\"><div class=\"su-spoiler-title\" tabindex=\"0\" role=\"button\"><span class=\"su-spoiler-icon\"><\/span>Gach<\/div><div class=\"su-spoiler-content su-u-clearfix su-u-trim\">\n<p><strong>Molta:<\/strong><\/p>\n<ol>\n<li>Laghduithe ar chumas oibre agus leisce, \u00e9agobhsa\u00edocht sh\u00edce-mhoth\u00fach\u00e1nach, codlatacht mar thoradh ar thuirse ainsealach.<\/li>\n<li>Le haghaidh c\u00f3ire\u00e1il agus coisc ar neamhoird at\u00e1irgthe baineanna agus siompt\u00f3im mh\u00edthaitneamhacha a ghabhann leis an sos m\u00edostraithe, chomh maith le torth\u00falacht agus sl\u00e1inte ghn\u00e9is a neart\u00fa.<\/li>\n<li>I gc\u00e1sanna slaghd\u00e1n minic.<\/li>\n<li>Cosc neamhshonrach ar an bhfli\u00fa agus ar shlaghd\u00e1in.<\/li>\n<li>Lag\u00fa an ch\u00f3rais imdh\u00edonachta le linn t\u00e9arnaimh n\u00f3 athshl\u00e1naithe i ndiaidh breoiteachta.<\/li>\n<\/ol>\n<\/div><\/div>","protected":false},"excerpt":{"rendered":"<p>Speci\u00e1lis Trio-Women sug\u00e1rz\u00f3 N\u0151k sz\u00e1m\u00e1ra, 8.sz. Javasolt: a funkcion\u00e1lis tartal\u00e9kok \u00e9s az emberi szervezet adapt\u00e1ci\u00f3s lehet\u0151s\u00e9geinek optimiz\u00e1l\u00e1s\u00e1hoz, melyek a negat\u00edv k\u00f6rnyezeti hat\u00e1sok, \u00e9letm\u00f3d vagy betegs\u00e9g k\u00f6vetkezt\u00e9ben l\u00e9ptek fel. Aj\u00e1nlott: l\u00e1nyok, n\u0151k sz\u00e1m\u00e1ra. Hat\u00e1sa: a n\u0151i szervezet jellemz\u0151it figyelembe vev\u0151 (pszicho-emocion\u00e1lis szf\u00e9ra, neurohumor\u00e1lis szab\u00e1lyoz\u00e1s) \u00e1ltal\u00e1nos eg\u00e9szs\u00e9gmeger\u0151s\u00edt\u0151 hat\u00e1s. Hat\u00e1smechanizmus: A program (hordoz\u00f3 frekvencia, alacsony frekvenci\u00e1j\u00fa modul\u00e1ci\u00f3 \u00e9s [&hellip;]<\/p>\n","protected":false},"featured_media":4738,"comment_status":"open","ping_status":"closed","template":"","meta":[],"product_brand":[],"product_cat":[35,32],"product_tag":[],"class_list":{"0":"post-4739","1":"product","2":"type-product","3":"status-publish","4":"has-post-thumbnail","6":"product_cat-csatlakoztathato-jeladok","7":"product_cat-triomed","9":"first","10":"instock","11":"taxable","12":"shipping-taxable","13":"purchasable","14":"product-type-simple"},"_links":{"self":[{"href":"https:\/\/vetomshop.hu\/ga\/wp-json\/wp\/v2\/product\/4739","targetHints":{"allow":["GET"]}}],"collection":[{"href":"https:\/\/vetomshop.hu\/ga\/wp-json\/wp\/v2\/product"}],"about":[{"href":"https:\/\/vetomshop.hu\/ga\/wp-json\/wp\/v2\/types\/product"}],"replies":[{"embeddable":true,"href":"https:\/\/vetomshop.hu\/ga\/wp-json\/wp\/v2\/comments?post=4739"}],"wp:featuredmedia":[{"embeddable":true,"href":"https:\/\/vetomshop.hu\/ga\/wp-json\/wp\/v2\/media\/4738"}],"wp:attachment":[{"href":"https:\/\/vetomshop.hu\/ga\/wp-json\/wp\/v2\/media?parent=4739"}],"wp:term":[{"taxonomy":"product_brand","embeddable":true,"href":"https:\/\/vetomshop.hu\/ga\/wp-json\/wp\/v2\/product_brand?post=4739"},{"taxonomy":"product_cat","embeddable":true,"href":"https:\/\/vetomshop.hu\/ga\/wp-json\/wp\/v2\/product_cat?post=4739"},{"taxonomy":"product_tag","embeddable":true,"href":"https:\/\/vetomshop.hu\/ga\/wp-json\/wp\/v2\/product_tag?post=4739"}],"curies":[{"name":"uair an chloig","href":"https:\/\/api.w.org\/{rel}","templated":true}]}}