{"id":4743,"date":"2023-11-11T14:34:00","date_gmt":"2023-11-11T13:34:00","guid":{"rendered":"https:\/\/vetomshop.hu\/termek\/siker-medal\/"},"modified":"2023-11-11T14:34:00","modified_gmt":"2023-11-11T13:34:00","slug":"siker-medal","status":"publish","type":"product","link":"https:\/\/vetomshop.hu\/ga\/product\/siker-medal\/","title":{"rendered":"Boinn Rath"},"content":{"rendered":"<h4>Bonn Rath na Leana\u00ed<\/h4>\n<p><strong>Cusp\u00f3ir:<\/strong><\/p>\n<p>Feidhmeanna cogna\u00edocha (pr\u00f3isis chogna\u00edocha) \u2013<\/p>\n<ol>\n<li>aird, scileanna breathn\u00f3ireachta<\/li>\n<li>braistint-f\u00eds<\/li>\n<li>cuimhne<\/li>\n<li>feidhmeanna cogna\u00edocha<\/li>\n<\/ol>\n<p>\u2013 uirlis bhreise a chuid\u00edonn le gn\u00edomhacht\u00fa, a chuireann i gcoinne tuirse a bhaineann le foghlaim, agus a fheabhsa\u00edonn an fholl\u00e1ine mhoth\u00fach\u00e1nach.<\/p>\n<p>Taca\u00edonn s\u00e9 le t\u00e9arnamh tar \u00e9is r\u00f3-ualach faisn\u00e9ise suntasach, agus le cosc a chur ar shiondr\u00f3m tuirse ainseala\u00ed agus \u00eddithe.<\/p>\n<div class=\"su-spoiler su-spoiler-style-defoult su-spoiler-icon-caret su-spoiler-closed\" data-scroll-offset=\"0\" data-anchor-in-url=\"no\"><div class=\"su-spoiler-title\" tabindex=\"0\" role=\"button\"><span class=\"su-spoiler-icon\"><\/span>Gach<\/div><div class=\"su-spoiler-content su-u-clearfix su-u-trim\">\n<h4>Cur s\u00edos gairid<\/h4>\n<p>Freagra\u00edonn an fhaisn\u00e9is a st\u00f3r\u00e1iltear ar an iompr\u00f3ir faisn\u00e9ise leictreonach \u2013 Bonn Sl\u00e1inte SIKER \u2013 do speictream na creathanna leictreamaighn\u00e9adacha de na cealla agus na f\u00edoch\u00e1in den l\u00e1rch\u00f3ras n\u00e9ar\u00f3gach agus do na creathanna (speictream leictreamaighn\u00e9adach) de shubstaint\u00ed frith-homaiteag\u00f3macha, a mh\u00e9ada\u00edonn an fheidhm\u00edocht mheabhrach, frithsheasmhacht in aghaidh struis i gc\u00e1s mac l\u00e9inn agus oibrithe intleacht\u00fala, agus c\u00falra s\u00edceola\u00edoch agus moth\u00fach\u00e1nach optamach a choth\u00fa. B\u00edonn pr\u00f3isis mheabhracha ard-d\u00e9ineachta ag gabh\u00e1il le gn\u00edomha\u00edochta\u00ed mac l\u00e9inn faoi dh\u00e1la\u00ed br\u00fa ama agus ualach ard faisn\u00e9ise, rud at\u00e1 struis. Baineann an smaointeoireacht le gn\u00e9ithe gn\u00edomhacha na cogna\u00edochta: aird, braistint, pr\u00f3isis chomhcheangailteacha, foirmi\u00fa coincheap agus meas\u00fanuithe, agus comhph\u00e1irteanna ghn\u00edomha\u00edocht r\u00e9ad\u00fail duine sh\u00f3isialta.<\/p>\n<p>T\u00e1 baint ag an smaointeoireacht le gn\u00edomha\u00edocht na hinchinne, ach forbra\u00edtear an cumas chun smaoineamh go teib\u00ed tr\u00ed thaith\u00ed phraitici\u00fail agus tr\u00ed fh\u00e1il rialacha na teanga, na loighice agus na cult\u00fair. Tarla\u00edonn an smaointeoireacht i bhfoirmeacha \u00e9ags\u00fala de ghn\u00edomha\u00edocht intleacht\u00fail agus phraitici\u00fail, le linn a gcuirtear eisp\u00e9iris chogna\u00edocha daoine i gcoiteann agus le linn a nd\u00e9antar iad a dhaingni\u00fa. Meastar gurb \u00ed an smaointeoireacht fhoinse agus uirlis bhun\u00fasach na f\u00edor-dhaonnachta.<\/p>\n<\/div><\/div>","protected":false},"excerpt":{"rendered":"<p>Siker Med\u00e1l gyerekeknek Rendeltet\u00e9se: A kognit\u00edv funkci\u00f3k (megismer\u0151 folyamatok) &#8211; figyelem, megfigyel\u0151k\u00e9pess\u00e9g \u00e9rz\u00e9kel\u00e9s-\u00e9szlel\u00e9s eml\u00e9kezet gondolkod\u00e1si funkci\u00f3k &#8211; aktiv\u00e1l\u00e1s\u00e1t seg\u00edt\u0151, a tanul\u00e1st k\u00eds\u00e9r\u0151 f\u00e1radts\u00e1g ellens\u00falyoz\u00e1s\u00e1t \u00e9s az emocion\u00e1lis k\u00f6z\u00e9rzet jav\u00edt\u00e1s\u00e1t szolg\u00e1l\u00f3 kieg\u00e9sz\u00edt\u0151 eszk\u00f6z. T\u00e1mogatja a jelent\u0151s inform\u00e1ci\u00f3s megterhel\u00e9s ut\u00e1ni helyre\u00e1ll\u00edt\u00e1st, a kr\u00f3nikus f\u00e1radts\u00e1g \u00e9s kimer\u00fclts\u00e9g szindr\u00f3ma megel\u0151z\u00e9s\u00e9t.<\/p>","protected":false},"featured_media":4742,"comment_status":"open","ping_status":"closed","template":"","meta":[],"product_brand":[],"product_cat":[33,32],"product_tag":[],"class_list":{"0":"post-4743","1":"product","2":"type-product","3":"status-publish","4":"has-post-thumbnail","6":"product_cat-egeszseg-medalok","7":"product_cat-triomed","9":"first","10":"instock","11":"taxable","12":"shipping-taxable","13":"purchasable","14":"product-type-simple"},"_links":{"self":[{"href":"https:\/\/vetomshop.hu\/ga\/wp-json\/wp\/v2\/product\/4743","targetHints":{"allow":["GET"]}}],"collection":[{"href":"https:\/\/vetomshop.hu\/ga\/wp-json\/wp\/v2\/product"}],"about":[{"href":"https:\/\/vetomshop.hu\/ga\/wp-json\/wp\/v2\/types\/product"}],"replies":[{"embeddable":true,"href":"https:\/\/vetomshop.hu\/ga\/wp-json\/wp\/v2\/comments?post=4743"}],"wp:featuredmedia":[{"embeddable":true,"href":"https:\/\/vetomshop.hu\/ga\/wp-json\/wp\/v2\/media\/4742"}],"wp:attachment":[{"href":"https:\/\/vetomshop.hu\/ga\/wp-json\/wp\/v2\/media?parent=4743"}],"wp:term":[{"taxonomy":"product_brand","embeddable":true,"href":"https:\/\/vetomshop.hu\/ga\/wp-json\/wp\/v2\/product_brand?post=4743"},{"taxonomy":"product_cat","embeddable":true,"href":"https:\/\/vetomshop.hu\/ga\/wp-json\/wp\/v2\/product_cat?post=4743"},{"taxonomy":"product_tag","embeddable":true,"href":"https:\/\/vetomshop.hu\/ga\/wp-json\/wp\/v2\/product_tag?post=4743"}],"curies":[{"name":"uair an chloig","href":"https:\/\/api.w.org\/{rel}","templated":true}]}}