{"id":4751,"date":"2023-11-11T14:34:02","date_gmt":"2023-11-11T13:34:02","guid":{"rendered":"https:\/\/vetomshop.hu\/termek\/vita-medal\/"},"modified":"2023-11-11T14:34:02","modified_gmt":"2023-11-11T13:34:02","slug":"vita-medal","status":"publish","type":"product","link":"https:\/\/vetomshop.hu\/ga\/product\/vita-medal\/","title":{"rendered":"Bonn Pl\u00e9"},"content":{"rendered":"<h4>Bonn Pl\u00e9<\/h4>\n<p><strong>Pr\u00edomhfheidhm:\u00a0<\/strong>T\u00e1irge forl\u00edontach chun neamhoird ghastraist\u00e9igeacha a chosc agus a ch\u00f3ire\u00e1il mar ch\u00fantheiripe, agus chun an pr\u00f3iseas t\u00e9arnaimh a spreagadh i ndiaidh a leith\u00e9id de neamhoird.<\/p>\n<p><strong>Cur s\u00edos gairid<\/strong><\/p>\n<p>Freagra\u00edonn an patr\u00fan speictreach a thaifeadtar ar Phionta Sl\u00e1inte Vita do chreathanna na n-org\u00e1n, na bhf\u00edoch\u00e1n agus na gc\u00f3ras den ch\u00f3ras d\u00edle\u00e1. Freagra\u00edonn s\u00e9 d\u00f3ibh si\u00fad<br \/>\nluas\u00e1in d'ullmh\u00f3ga frith-homaiteotocsaineacha, a bhfuil \u00e9ifeachta\u00ed imdh\u00edon-mhodhn\u00fach\u00e1in, frith-athlastacha agus d\u00ed-\u00edograitheacha (a laghda\u00edonn \u00edogaireacht) acu.<\/p>\n<p>Is \u00e9 an c\u00f3ras d\u00edle\u00e1 an t-ioml\u00e1n de phr\u00f3isis fhisiceacha, cheimiceacha agus fhisioola\u00edocha tr\u00edna nd\u00e9antar bia a ionghabh\u00e1iltear a bhriseadh s\u00edos ina chomhdh\u00faile ceimiceacha simpl\u00ed ar f\u00e9idir na cealla iad a ions\u00fa.<\/p>\n<div class=\"su-spoiler su-spoiler-style-defoult su-spoiler-icon-caret su-spoiler-closed\" data-scroll-offset=\"0\" data-anchor-in-url=\"no\"><div class=\"su-spoiler-title\" tabindex=\"0\" role=\"button\"><span class=\"su-spoiler-icon\"><\/span>Gach<\/div><div class=\"su-spoiler-content su-u-clearfix su-u-trim\">\nTarla\u00edonn na pr\u00f3isis seo i seicheamh sonrach laistigh den ch\u00f3ras d\u00edle\u00e1 (i gcavacht an bh\u00e9il, sa scornach, san \u00e9asafagas, sa st\u00e9ig mh\u00f3r, sna put\u00f3ga beaga agus m\u00f3ra, le rannph\u00e1irt\u00edocht an ae, an phoncraigh agus an phaincr\u00e9is). Tarla\u00edonn an pr\u00f3iseas a bhu\u00ed le meicn\u00edochta\u00ed rialaithe ar leibh\u00e9il \u00e9ags\u00fala. Is \u00e9ard at\u00e1 i gcro\u00edl\u00e1r fheidhm an ch\u00f3rais d\u00edle\u00e1 an pr\u00f3iseas seicheamhach seo, a mb\u00edonn bia briste s\u00edos ina mhonaim\u00e9ir\u00ed ins\u00faite d\u00e1 bharr.<br \/>\n<\/div><\/div>","protected":false},"excerpt":{"rendered":"<p>Vita Med\u00e1l F\u0151 funkci\u00f3ja:\u00a0Kieg\u00e9sz\u00edt\u0151 eszk\u00f6z a az em\u00e9szt\u0151rendszeri betegs\u00e9gek megel\u0151z\u00e9s\u00e9re \u00e9s kieg\u00e9sz\u00edt\u0151 kezel\u00e9s\u00e9re, a betegs\u00e9gek ut\u00e1ni regener\u00e1ci\u00f3s folyamatok aktiv\u00e1l\u00e1s\u00e1ra. R\u00f6vid ismertet\u0151 A spektr\u00e1lis minta, mely a Vita Eg\u00e9szs\u00e9g Med\u00e1lon van r\u00f6gz\u00edtve, megfelel az em\u00e9szt\u0151rendszer szervei, sz\u00f6vetei \u00e9s szervei rezg\u00e9s\u00e9nek. Megfelel azoknak az antihomotoxikus k\u00e9sz\u00edtm\u00e9nyek rezg\u00e9s\u00e9nek, melyek immunmodul\u00e1l\u00f3, gyullad\u00e1scs\u00f6kkent\u0151, deszenzibiliz\u00e1l\u00f3 (\u00e9rz\u00e9kenys\u00e9get cs\u00f6kkent\u0151) hat\u00e1ssal b\u00edrnak. Az em\u00e9szt\u0151rendszer [&hellip;]<\/p>\n","protected":false},"featured_media":4750,"comment_status":"open","ping_status":"closed","template":"","meta":[],"product_brand":[],"product_cat":[33,32],"product_tag":[],"class_list":{"0":"post-4751","1":"product","2":"type-product","3":"status-publish","4":"has-post-thumbnail","6":"product_cat-egeszseg-medalok","7":"product_cat-triomed","9":"first","10":"instock","11":"taxable","12":"shipping-taxable","13":"purchasable","14":"product-type-simple"},"_links":{"self":[{"href":"https:\/\/vetomshop.hu\/ga\/wp-json\/wp\/v2\/product\/4751","targetHints":{"allow":["GET"]}}],"collection":[{"href":"https:\/\/vetomshop.hu\/ga\/wp-json\/wp\/v2\/product"}],"about":[{"href":"https:\/\/vetomshop.hu\/ga\/wp-json\/wp\/v2\/types\/product"}],"replies":[{"embeddable":true,"href":"https:\/\/vetomshop.hu\/ga\/wp-json\/wp\/v2\/comments?post=4751"}],"wp:featuredmedia":[{"embeddable":true,"href":"https:\/\/vetomshop.hu\/ga\/wp-json\/wp\/v2\/media\/4750"}],"wp:attachment":[{"href":"https:\/\/vetomshop.hu\/ga\/wp-json\/wp\/v2\/media?parent=4751"}],"wp:term":[{"taxonomy":"product_brand","embeddable":true,"href":"https:\/\/vetomshop.hu\/ga\/wp-json\/wp\/v2\/product_brand?post=4751"},{"taxonomy":"product_cat","embeddable":true,"href":"https:\/\/vetomshop.hu\/ga\/wp-json\/wp\/v2\/product_cat?post=4751"},{"taxonomy":"product_tag","embeddable":true,"href":"https:\/\/vetomshop.hu\/ga\/wp-json\/wp\/v2\/product_tag?post=4751"}],"curies":[{"name":"uair an chloig","href":"https:\/\/api.w.org\/{rel}","templated":true}]}}