{"id":4753,"date":"2023-11-11T14:34:02","date_gmt":"2023-11-11T13:34:02","guid":{"rendered":"https:\/\/vetomshop.hu\/termek\/zold-dio-medal\/"},"modified":"2023-11-11T14:34:02","modified_gmt":"2023-11-11T13:34:02","slug":"zold-dio-medal","status":"publish","type":"product","link":"https:\/\/vetomshop.hu\/ga\/product\/zold-dio-medal\/","title":{"rendered":"Crochta Gallchn\u00f3 Glas"},"content":{"rendered":"<h4>Nuces Virides - siogairl\u00edn gallchn\u00f3 glas<\/h4>\n<p>Is \u00e9 an \u00fas\u00e1id thraidisi\u00fanta at\u00e1 aige mar luibh leighis n\u00e1: tonach, spreag\u00fail, d\u00edle\u00e1ch agus d\u00edthocsainithe. Sin \u00e9 an f\u00e1th a moltar \u00e9 le haghaidh rickets, galair an ch\u00f3rais limfeach, eitinn scamh\u00f3gach agus cn\u00e1mh. T\u00e1 \u00e9ifeacht aitheanta aige ar an gc\u00f3ras d\u00edle\u00e1 agus ar na mat\u00e1in. Glanann s\u00e9 an fhuil, spreagann s\u00e9 gn\u00edomha\u00edocht an ae agus scaipeadh fola. T\u00e1 a \u00e9ifeacht antaibheathach ar eolas le fada an l\u00e1 i leigheas t\u00edre.<\/p>\n<p>Sa tuath, \u00fas\u00e1ideadh \u00e9 freisin chun antracs a ch\u00f3ire\u00e1il. T\u00e1 s\u00e9 \u00e9ifeachtach le haghaidh diaib\u00e9iteas mar riala\u00edonn s\u00e9 meitibileacht, \u00edsl\u00edonn s\u00e9 si\u00facra fola, faoiseann s\u00e9 tart, laghda\u00edonn s\u00e9 l\u00edon na n-uraluithe, agus cuireann s\u00e9 cosc ar dheacrachta\u00ed. Na duilleoga<br \/>\nT\u00e1 \u00e9ifeacht astringent acu, mar sin \u00fas\u00e1idtear iad le haghaidh buinneach \u00e9adrom agus gastritis, agus fadhbanna d\u00edle\u00e1. T\u00e1 siad \u00e9ifeachtach freisin chun fuili\u00fa a laghd\u00fa agus scaipeadh fola sna cosa a fheabhs\u00fa.<\/p>\n<div class=\"su-spoiler su-spoiler-style-defoult su-spoiler-icon-caret su-spoiler-closed\" data-scroll-offset=\"0\" data-anchor-in-url=\"no\"><div class=\"su-spoiler-title\" tabindex=\"0\" role=\"button\"><span class=\"su-spoiler-icon\"><\/span>Gach<\/div><div class=\"su-spoiler-content su-u-clearfix su-u-trim\">\nTuairisc\u00edonn na daoine a d&#039;\u00fas\u00e1id \u00e9 tortha\u00ed den scoth maidir le polaip\u00ed boilg agus sr\u00f3ine a ch\u00f3ire\u00e1il.<\/p>\n<p>T\u00e1 leigheas t\u00edre \u00e1 \u00fas\u00e1id \u00f3 am \u00e1rsa i gcoinne meall neamhurch\u00f3ideach agus urch\u00f3ideach araon.<br \/>\n<\/div><\/div>","protected":false},"excerpt":{"rendered":"<p>Nuces Virides \u2013 Z\u00f6ld Di\u00f3 Med\u00e1l Gy\u00f3gyn\u00f6v\u00e9nyk\u00e9nt val\u00f3 hagyom\u00e1nyos felhaszn\u00e1l\u00e1sa: toniz\u00e1l\u00f3, stimul\u00e1l\u00f3, em\u00e9szt\u00e9st el\u0151seg\u00edt\u0151 \u00e9s salaktalan\u00edt\u00f3. Ez\u00e9rt aj\u00e1nlj\u00e1k angolk\u00f3rra, nyirokrendszeri betegs\u00e9gekre, t\u00fcd\u0151-\u00e9s csont tbc-re. J\u00f3l megfigyelhet\u0151 hat\u00e1sa van az em\u00e9szt\u0151rendszerre \u00e9s az izomzatra. V\u00e9rtiszt\u00edt\u00f3, serkenti a m\u00e1j tev\u00e9kenys\u00e9g\u00e9t \u00e9s a v\u00e9rkering\u00e9st. Antibiotikus hat\u00e1sa r\u00e9g\u00f3ta ismert a n\u00e9pgy\u00f3gy\u00e1szatban. Vid\u00e9ken a l\u00e9pfen\u00e9t is k\u00far\u00e1lt\u00e1k vele. Cukorbetegs\u00e9gre az\u00e9rt [&hellip;]<\/p>\n","protected":false},"featured_media":4752,"comment_status":"open","ping_status":"closed","template":"","meta":[],"product_brand":[],"product_cat":[33,32],"product_tag":[],"class_list":{"0":"post-4753","1":"product","2":"type-product","3":"status-publish","4":"has-post-thumbnail","6":"product_cat-egeszseg-medalok","7":"product_cat-triomed","9":"first","10":"instock","11":"taxable","12":"shipping-taxable","13":"purchasable","14":"product-type-simple"},"_links":{"self":[{"href":"https:\/\/vetomshop.hu\/ga\/wp-json\/wp\/v2\/product\/4753","targetHints":{"allow":["GET"]}}],"collection":[{"href":"https:\/\/vetomshop.hu\/ga\/wp-json\/wp\/v2\/product"}],"about":[{"href":"https:\/\/vetomshop.hu\/ga\/wp-json\/wp\/v2\/types\/product"}],"replies":[{"embeddable":true,"href":"https:\/\/vetomshop.hu\/ga\/wp-json\/wp\/v2\/comments?post=4753"}],"wp:featuredmedia":[{"embeddable":true,"href":"https:\/\/vetomshop.hu\/ga\/wp-json\/wp\/v2\/media\/4752"}],"wp:attachment":[{"href":"https:\/\/vetomshop.hu\/ga\/wp-json\/wp\/v2\/media?parent=4753"}],"wp:term":[{"taxonomy":"product_brand","embeddable":true,"href":"https:\/\/vetomshop.hu\/ga\/wp-json\/wp\/v2\/product_brand?post=4753"},{"taxonomy":"product_cat","embeddable":true,"href":"https:\/\/vetomshop.hu\/ga\/wp-json\/wp\/v2\/product_cat?post=4753"},{"taxonomy":"product_tag","embeddable":true,"href":"https:\/\/vetomshop.hu\/ga\/wp-json\/wp\/v2\/product_tag?post=4753"}],"curies":[{"name":"uair an chloig","href":"https:\/\/api.w.org\/{rel}","templated":true}]}}