{"id":6957,"date":"2025-07-26T15:40:40","date_gmt":"2025-07-26T13:40:40","guid":{"rendered":"https:\/\/vetomshop.hu\/?post_type=product&#038;p=6957"},"modified":"2025-12-31T14:57:45","modified_gmt":"2025-12-31T13:57:45","slug":"bioseptin-probiotikus-kenocs-60-g","status":"publish","type":"product","link":"https:\/\/vetomshop.hu\/lv\/products\/bioseptin-probiotikus-kenocs-60-g\/","title":{"rendered":"Bioseptin probiotisk\u0101 ziede <span style=\"color:red\">60<\/span> g"},"content":{"rendered":"<p><span style=\"font-size: x-large;\"><b>Bioseptin probiotisk\u0101 ziede 60 g<\/b><\/span><\/p>\n<p><span style=\"font-size: x-large;\">Biosept\u012bna ziedei piem\u012bt antiseptiskas, pretiekaisuma un olbaltumvielas \u0161\u0137e\u013co\u0161as \u012bpa\u0161\u012bbas. T\u0101 satur Bacillus subtilis un Bacillus licheniformis bakt\u0113riju sporas, kas ir efekt\u012bvas pret da\u017e\u0101diem patog\u0113niem. T\u0101s izn\u012bcina patog\u0113n\u0101s bakt\u0113rijas uz br\u016bces virsmas gan sk\u0101bek\u013ca pras\u012bg\u0101, gan bezsk\u0101bek\u013ca vid\u0113, \u012bpa\u0161i Grampozit\u012bvos tipus. T\u0101s pal\u012bdz no\u0101rd\u012bt atmiru\u0161os audus un kait\u012bg\u0101s bakt\u0113rijas, nov\u0113r\u0161ot atk\u0101rtotu infekciju un pa\u0101trinot br\u016bces dz\u012b\u0161anu. Ziede neizraisa kairin\u0101jumu un nerada aler\u0123iskas reakcijas.<\/span><\/p>\n<p><span style=\"font-size: x-large;\"><b>Sast\u0101vs un noform\u0113jums:<\/b><\/span><\/p>\n<p><span style=\"font-size: x-large;\">Ziedes sast\u0101v\u0101 ir divu bakt\u0113riju celmu sporas agara (\u017eelejveida) pamatn\u0113 un etilspirts. T\u0101 nesatur \u0123en\u0113tiski modific\u0113tas sast\u0101vda\u013cas. Katr\u0101 gram\u0101 ziedes ir vismaz viens miljons dz\u012bvu bakt\u0113riju \u0161\u016bnu.<\/span><\/p>\n<p>Vair\u0101kas starptautisk\u0101s organiz\u0101cijas valstis ir kop\u012bgi ieviesu\u0161as kosm\u0113tikas l\u012bdzek\u013cu tirdzniec\u012bbas aizliegumu (embargo), t\u0101p\u0113c Bioseptin ziede Ung\u0101rij\u0101 ir re\u0123istr\u0113ta k\u0101 veterin\u0101r\u0101s z\u0101les. .<\/p>\n<p><span style=\"font-size: x-large;\"><b>K\u0101 lietot:<\/b><\/span><\/p>\n<p><span style=\"font-size: x-large;\">Tas j\u0101lieto \u0101r\u012bgi, pl\u0101ni uzsm\u0113r\u0113jot uz boj\u0101t\u0101 \u0101das laukuma, 1-2 reizes dien\u0101, l\u012bdz tas sadz\u012bst. Apstr\u0101d\u0101t\u0101 vieta nav j\u0101p\u0101rsien.<\/span><\/p>\n<p><span style=\"font-size: x-large;\"><b>Kad nelietot:<\/b><\/span><\/p>\n<p><span style=\"font-size: x-large;\">\u00a0 \u00a0Ja esat jut\u012bgs pret k\u0101du no \u0161\u012b produkta sast\u0101vda\u013c\u0101m, to nav ieteicams lietot. To nedr\u012bkst lietot kop\u0101 ar antibiotik\u0101m, sulfonam\u012bdiem vai citiem prepar\u0101tiem, kas satur bakt\u0113rijas.<\/span><\/p>\n<p><span style=\"font-size: x-large;\"><b>Svar\u012bga inform\u0101cija:<\/b><\/span><\/p>\n<p><span style=\"font-size: x-large;\"><span style=\"color: #127622;\"><b>Cilv\u0113kiem ziedes lieto\u0161ana:<\/b><\/span><\/span><\/p>\n<p><span style=\"font-size: large;\">Uzkl\u0101jiet k\u0101rti\u0146u 1-2 reizes dien\u0101 uz skart\u0101s vietas, l\u012bdz br\u016bce sadz\u012bst.<\/span><\/p>\n<p><span style=\"font-size: large;\">P\u0101rdoz\u0113\u0161ana nav iesp\u0113jama.<\/span><\/p>\n<p><span style=\"font-size: x-large;\"><span style=\"color: #127622;\"><b>Dz\u012bvniekiem - ziedes lieto\u0161ana:<\/b><\/span><\/span><\/p>\n<p><span style=\"font-size: x-large;\">Kad dz\u012bvnieki ir apstr\u0101d\u0101ti, nav j\u0101gaida, l\u012bdz to ga\u013cu vai citus produktus (piem\u0113ram, olas, pienu) var izmantot p\u0101rtik\u0101, t. i., tos var lietot uztur\u0101 nekav\u0113joties.<\/span><\/p>\n<p><span style=\"font-size: x-large;\"><b>Lieto\u0161anas jomas:<\/b><\/span><\/p>\n<p><span style=\"font-size: x-large;\">To var izmantot da\u017e\u0101du sugu dz\u012bvnieku - m\u0101jdz\u012bvnieku, lauksaimniec\u012bbas, savva\u013cas un ka\u017eokzv\u0113ru dz\u012bvnieku un m\u0101jputnu - br\u016b\u010du, infic\u0113tu vai atmiru\u0161o audu, apdegumu un dermat\u012btu \u0101rst\u0113\u0161anai.<\/span><\/p>\n<p><span style=\"font-size: x-large;\"><b>Blakuspar\u0101d\u012bbas:<\/b><\/span><\/p>\n<p><span style=\"font-size: x-large;\">Pareizi lietojot, blakuspar\u0101d\u012bbas ir retas vai to nav visp\u0101r.<\/span><\/p>\n<p><span style=\"font-size: x-large;\"><b>Uzglab\u0101\u0161ana :<\/b><\/span><\/p>\n<p><span style=\"font-size: x-large;\">Ziedi j\u0101uzglab\u0101 v\u0113s\u0101 (0-10 \u00b0C), saus\u0101, tum\u0161\u0101 viet\u0101, b\u0113rniem un dz\u012bvniekiem nepieejam\u0101 viet\u0101. P\u0101rvad\u0101\u0161anas laik\u0101 20 \u00b0C temperat\u016br\u0101 t\u0101 j\u0101saglab\u0101 ne ilg\u0101k k\u0101 2 ned\u0113\u013cas. Var lietot 2 gadus no izgatavo\u0161anas datuma.<\/span><\/p>","protected":false},"excerpt":{"rendered":"<p>A <strong>Bioseptin ziede<\/strong> antiseptiskas, pretiekaisuma un proteol\u012btiskas \u012bpa\u0161\u012bbas. Tas satur <strong>Bacillus subtilis<\/strong> un <strong>Bacillus licheniformis<\/strong> bakt\u0113riju sporas ir efekt\u012bvas pret da\u017e\u0101diem patog\u0113niem. T\u0101s izn\u012bcina patog\u0113n\u0101s bakt\u0113rijas uz br\u016bces virsmas neatkar\u012bgi no t\u0101, vai t\u0101s dz\u012bvo sk\u0101bek\u013ca pras\u012bg\u0101 vai bezsk\u0101bek\u013ca vid\u0113, \u012bpa\u0161i Grampozit\u012bvos tipus. T\u0101s pal\u012bdz no\u0101rd\u012bt atmiru\u0161os audus un kait\u012bg\u0101s bakt\u0113rijas, nov\u0113r\u0161ot atk\u0101rtotu infekciju un pa\u0101trinot br\u016bces dz\u012b\u0161anu. Ziede neizraisa kairin\u0101jumu un nerada aler\u0123iskas reakcijas.<\/p>\n<div class=\"plashka\">\n<h5>\u012apa\u0161\u012bbas un darb\u012bbas meh\u0101nisms:<br \/>\nBiosept\u012bns - ziede ar \u0101das kop\u0161anas, antiseptisk\u0101m, pretiekaisuma un proteol\u012btisk\u0101m \u012bpa\u0161\u012bb\u0101m.<\/h5>\n<\/div>","protected":false},"featured_media":6958,"comment_status":"open","ping_status":"closed","template":"","meta":[],"product_brand":[],"product_cat":[22],"product_tag":[],"class_list":{"0":"post-6957","1":"product","2":"type-product","3":"status-publish","4":"has-post-thumbnail","6":"product_cat-vetom-probiotikumok","8":"first","9":"outofstock","10":"taxable","11":"shipping-taxable","12":"purchasable","13":"product-type-simple"},"_links":{"self":[{"href":"https:\/\/vetomshop.hu\/lv\/wp-json\/wp\/v2\/product\/6957","targetHints":{"allow":["GET"]}}],"collection":[{"href":"https:\/\/vetomshop.hu\/lv\/wp-json\/wp\/v2\/product"}],"about":[{"href":"https:\/\/vetomshop.hu\/lv\/wp-json\/wp\/v2\/types\/product"}],"replies":[{"embeddable":true,"href":"https:\/\/vetomshop.hu\/lv\/wp-json\/wp\/v2\/comments?post=6957"}],"wp:featuredmedia":[{"embeddable":true,"href":"https:\/\/vetomshop.hu\/lv\/wp-json\/wp\/v2\/media\/6958"}],"wp:attachment":[{"href":"https:\/\/vetomshop.hu\/lv\/wp-json\/wp\/v2\/media?parent=6957"}],"wp:term":[{"taxonomy":"product_brand","embeddable":true,"href":"https:\/\/vetomshop.hu\/lv\/wp-json\/wp\/v2\/product_brand?post=6957"},{"taxonomy":"product_cat","embeddable":true,"href":"https:\/\/vetomshop.hu\/lv\/wp-json\/wp\/v2\/product_cat?post=6957"},{"taxonomy":"product_tag","embeddable":true,"href":"https:\/\/vetomshop.hu\/lv\/wp-json\/wp\/v2\/product_tag?post=6957"}],"curies":[{"name":"wp","href":"https:\/\/api.w.org\/{rel}","templated":true}]}}