{"id":4712,"date":"2023-11-11T14:33:54","date_gmt":"2023-11-11T13:33:54","guid":{"rendered":"https:\/\/vetomshop.hu\/termek\/biotrem-active\/"},"modified":"2023-11-11T14:33:54","modified_gmt":"2023-11-11T13:33:54","slug":"biotrem-active","status":"publish","type":"product","link":"https:\/\/vetomshop.hu\/pt\/produto\/biotrem-active\/","title":{"rendered":"BioTrEM ativo"},"content":{"rendered":"<p>\u0410 <strong>\u201eBioTrEM ACTIVE\u201d<\/strong> O dispositivo de terapia EMF-IK Modelo 1 (doravante denominado dispositivo) \u00e9 um dispositivo port\u00e1til de fisioterapia e reflexoterapia destinado \u00e0 preven\u00e7\u00e3o de doen\u00e7as articulares, tratamento e reabilita\u00e7\u00e3o de pacientes que sofrem de dist\u00farbios musculoesquel\u00e9ticos por meio da aplica\u00e7\u00e3o de campos eletromagn\u00e9ticos de baixa intensidade na faixa de frequ\u00eancia extremamente alta em partes da superf\u00edcie da pele humana.<\/p>\n<p>O dispositivo pode ser usado em programas preventivos e curativos complexos para a restaura\u00e7\u00e3o de processos fisiol\u00f3gicos normais nas c\u00e9lulas e nos tecidos do sistema de \u00f3rg\u00e3os de apoio e movimento no caso de doen\u00e7as do sistema de \u00f3rg\u00e3os de apoio e movimento, para reduzir a dor e melhorar as fun\u00e7\u00f5es de apoio e movimento.<\/p>\n<div class=\"su-spoiler su-spoiler-style-defoult su-spoiler-icon-caret su-spoiler-closed\" data-scroll-offset=\"0\" data-anchor-in-url=\"no\"><div class=\"su-spoiler-title\" tabindex=\"0\" role=\"button\"><span class=\"su-spoiler-icon\"><\/span>Todos<\/div><div class=\"su-spoiler-content su-u-clearfix su-u-trim\">\n<p>Os efeitos do uso do dispositivo:<\/p>\n<ul>\n<li>normaliza a circula\u00e7\u00e3o sangu\u00ednea, o estado de imunidade e os processos metab\u00f3licos nos \u00f3rg\u00e3os\/sistemas locomotores, prevenindo o desenvolvimento de doen\u00e7as neles;<\/li>\n<li>ajuda a melhorar as fun\u00e7\u00f5es de suporte e mobilidade;<\/li>\n<li>reduz as manifesta\u00e7\u00f5es de inflama\u00e7\u00e3o e congest\u00e3o nos \u00f3rg\u00e3os locomotores;<\/li>\n<li>ajuda a acelerar os processos de regenera\u00e7\u00e3o e reparo dos tecidos do sistema de \u00f3rg\u00e3os de apoio e movimento;<\/li>\n<li>ajuda a eliminar a inflama\u00e7\u00e3o nas articula\u00e7\u00f5es, membranas articulares e \u201ebolsas\u201d articulares, m\u00fasculos,<\/li>\n<li>ajuda a eliminar ou compensar a deforma\u00e7\u00e3o e a atrofia dos ossos, dos ligamentos e do complexo m\u00fasculo-articular.<\/li>\n<\/ul>\n<\/div><\/div>","protected":false},"excerpt":{"rendered":"<p>\u0410 \u201eBioTrEM ACTIVE\u201d modell EMF-IK ter\u00e1pi\u00e1s k\u00e9sz\u00fcl\u00e9k (a tov\u00e1bbiakban k\u00e9sz\u00fcl\u00e9k) egy hordozhat\u00f3 fizikoter\u00e1pi\u00e1s \u00e9s reflexter\u00e1pi\u00e1s eszk\u00f6z, amelynek rendeltet\u00e9se az \u00edz\u00fcleti megbeteged\u00e9sek megel\u0151z\u00e9s\u00e9re, a t\u00e1maszt\u00e1s \u00e9s mozg\u00e1s szervrendszeri betegs\u00e9gekben szenved\u0151 p\u00e1ciensek kezel\u00e9se \u00e9s rehabilit\u00e1ci\u00f3ja az ember b\u0151rfel\u00fclet\u00e9nek r\u00e9szeire ir\u00e1nyul\u00f3 extr\u00e9m magas frekvenci\u00e1s tartom\u00e1nyban m\u0171k\u00f6d\u0151 alacsonyintenzit\u00e1s\u00fa elektrom\u00e1gneses r\u00e1hat\u00e1s r\u00e9v\u00e9n. \u0410 k\u00e9sz\u00fcl\u00e9k komplex megel\u0151z\u0151 \u00e9s gy\u00f3gyul\u00e1st el\u0151seg\u00edt\u0151 programokban [&hellip;]<\/p>\n","protected":false},"featured_media":4711,"comment_status":"open","ping_status":"closed","template":"","meta":[],"product_brand":[],"product_cat":[34,32],"product_tag":[],"class_list":{"0":"post-4712","1":"product","2":"type-product","3":"status-publish","4":"has-post-thumbnail","6":"product_cat-keszulekek","7":"product_cat-triomed","9":"first","10":"instock","11":"taxable","12":"shipping-taxable","13":"purchasable","14":"product-type-simple"},"_links":{"self":[{"href":"https:\/\/vetomshop.hu\/pt\/wp-json\/wp\/v2\/product\/4712","targetHints":{"allow":["GET"]}}],"collection":[{"href":"https:\/\/vetomshop.hu\/pt\/wp-json\/wp\/v2\/product"}],"about":[{"href":"https:\/\/vetomshop.hu\/pt\/wp-json\/wp\/v2\/types\/product"}],"replies":[{"embeddable":true,"href":"https:\/\/vetomshop.hu\/pt\/wp-json\/wp\/v2\/comments?post=4712"}],"wp:featuredmedia":[{"embeddable":true,"href":"https:\/\/vetomshop.hu\/pt\/wp-json\/wp\/v2\/media\/4711"}],"wp:attachment":[{"href":"https:\/\/vetomshop.hu\/pt\/wp-json\/wp\/v2\/media?parent=4712"}],"wp:term":[{"taxonomy":"product_brand","embeddable":true,"href":"https:\/\/vetomshop.hu\/pt\/wp-json\/wp\/v2\/product_brand?post=4712"},{"taxonomy":"product_cat","embeddable":true,"href":"https:\/\/vetomshop.hu\/pt\/wp-json\/wp\/v2\/product_cat?post=4712"},{"taxonomy":"product_tag","embeddable":true,"href":"https:\/\/vetomshop.hu\/pt\/wp-json\/wp\/v2\/product_tag?post=4712"}],"curies":[{"name":"wp","href":"https:\/\/api.w.org\/{rel}","templated":true}]}}