{"id":4714,"date":"2023-11-11T14:33:54","date_gmt":"2023-11-11T13:33:54","guid":{"rendered":"https:\/\/vetomshop.hu\/termek\/triomed-compact\/"},"modified":"2023-11-11T14:33:54","modified_gmt":"2023-11-11T13:33:54","slug":"triomed-compact","status":"publish","type":"product","link":"https:\/\/vetomshop.hu\/pt\/produto\/triomed-compact\/","title":{"rendered":"Triomed compacto"},"content":{"rendered":"<h4>Al\u00edvio da dor, redu\u00e7\u00e3o da inflama\u00e7\u00e3o, reabilita\u00e7\u00e3o, cuidados quiropr\u00e1ticos, primeiros socorros, doen\u00e7as cr\u00f4nicas, polui\u00e7\u00e3o el\u00e9trica, estresse, terapia de luz<\/h4>\n<p>Sistema de inova\u00e7\u00e3o para prote\u00e7\u00e3o e recupera\u00e7\u00e3o da sa\u00fade - <strong>Triomed compacto.<\/strong><\/p>\n<p>Ouvimos quase diariamente que nosso ambiente est\u00e1 se tornando cada vez mais agressivo.<\/p>\n<p>Os produtos qu\u00edmicos presentes nos alimentos e na \u00e1gua, a polui\u00e7\u00e3o do ar e o ritmo de vida cada vez mais acelerado est\u00e3o colocando nosso corpo sob grande press\u00e3o. As doen\u00e7as da civiliza\u00e7\u00e3o, que s\u00e3o o resultado da mudan\u00e7a de fatores ambientais e h\u00e1bitos alimentares, condi\u00e7\u00f5es de trabalho e estresse, tamb\u00e9m podem ser motivo de grande preocupa\u00e7\u00e3o. A cura dessas doen\u00e7as \u00e9 um grande desafio para os m\u00e9dicos, que muitas vezes se sentem impotentes diante desse desafio. Muitas vezes, ap\u00f3s longas investiga\u00e7\u00f5es, recebemos um nome em latim que soa bem (ou mal) para o diagn\u00f3stico e somos aconselhados a conviver com ele.<\/p>\n<p>Mas ser\u00e1 que \u00e9 agrad\u00e1vel viver a vida em uma condi\u00e7\u00e3o t\u00e3o infeliz, passando d\u00e9cadas entre a doen\u00e7a e a morte? Quanta dor, resigna\u00e7\u00e3o, energia, dinheiro, tempo e decep\u00e7\u00e3o acompanham o paciente ao longo do caminho? Quantos planos, metas, carreiras e desejos n\u00e3o realizados s\u00e3o jogados fora porque, a partir de ent\u00e3o, tudo se resume \u00e0 doen\u00e7a?<\/p>\n<div class=\"su-spoiler su-spoiler-style-defoult su-spoiler-icon-caret su-spoiler-closed\" data-scroll-offset=\"0\" data-anchor-in-url=\"no\"><div class=\"su-spoiler-title\" tabindex=\"0\" role=\"button\"><span class=\"su-spoiler-icon\"><\/span>Todos<\/div><div class=\"su-spoiler-content su-u-clearfix su-u-trim\">\n<p>A pergunta: podemos ser saud\u00e1veis se n\u00e3o mudarmos?<\/p>\n<p>Sobre as causas b\u00e1sicas das doen\u00e7as e solu\u00e7\u00f5es apenas parciais?<\/p>\n<p>Conhe\u00e7a um sistema complexo que \u00e9 \u00fanico em seu g\u00eanero!<\/p>\n<p>Nossas ferramentas podem tratar suas doen\u00e7as, melhorar sua qualidade de vida, ajud\u00e1-lo a se adaptar a um ambiente em constante mudan\u00e7a e transform\u00e1-lo.<\/p>\n<p>N\u00e3o apenas no caso de v\u00e1rias doen\u00e7as, dores, inflama\u00e7\u00f5es, processos autoimunes, mau humor, podemos obter excelentes resultados, mas tamb\u00e9m eliminar as causas b\u00e1sicas! Tudo isso \u00e9 feito pelo dispositivo que se comunica com seu corpo, cada impulso \u00e9 uma resposta \u00e0 sua condi\u00e7\u00e3o atual.<\/p>\n<p>Biofeedback - faixa de radiofrequ\u00eancia.<\/p>\n<p>Prote\u00e7\u00e3o sist\u00eamica da sa\u00fade! abordagem \u00fanica!<\/p>\n<p>Com o toque de um bot\u00e3o:<\/p>\n<ul>\n<li>Melhore seu ambiente ecol\u00f3gico - terapia milim\u00e9trica em toda a pra\u00e7a,<\/li>\n<li>Melhora a qualidade da \u00e1gua e dos alimentos - restaura a regularidade da \u00e1gua e da \u00e1gua nos alimentos, reduzindo os efeitos nocivos.<\/li>\n<li>Alivia o estresse no trabalho e em outros lugares e aumenta nossa resili\u00eancia.<\/li>\n<\/ul>\n<p>A pr\u00f3xima etapa: aplic\u00e1-lo como uma cura para resolver seus problemas!<\/p>\n<p>Triomed Compact - o profissional!<\/p>\n<p><strong>Experi\u00eancia:<\/strong> Tamb\u00e9m tive experi\u00eancias muito boas com a Triomed e a Compact. Quando fic\u00e1vamos doentes, \u00e9ramos completamente curados at\u00e9 dos germes mais persistentes em dois ou tr\u00eas dias, sem medica\u00e7\u00e3o. Estou gr\u00e1vida e, em um dos meus ultrassons, o m\u00e9dico encontrou um cisto no cr\u00e2nio do nosso beb\u00ea. Ele me garantiu que nada daria errado e eu fiquei completamente tranquila, sabendo que, ap\u00f3s alguns tratamentos, o cisto seria completamente absorvido. Bem, foi o que aconteceu!!! Eu certamente n\u00e3o teria sido uma m\u00e3e tranquila se n\u00e3o soubesse da exist\u00eancia desses dispositivos. Estou muito feliz por ter encontrado esses dispositivos antes do nascimento do beb\u00ea.<\/p>\n<p>Aten\u00e7\u00e3o! O dispositivo n\u00e3o substitui o tratamento m\u00e9dico!<\/p>\n<p>Cada modo implementa um programa espec\u00edfico<\/p>\n<p>O TRIOMED COMPACT FUNCIONA EM OITO MODOS.<\/p>\n<p>Cada modo implementa um programa espec\u00edfico e exclusivo.<\/p>\n<\/div><\/div>","protected":false},"excerpt":{"rendered":"<p>F\u00e1jdalomcsillap\u00edt\u00e1s, gyullad\u00e1s cs\u00f6kkent\u00e9s, lugos\u00edt\u00e1s, rehabilit\u00e1ci\u00f3, oki kezel\u00e9s, els\u0151seg\u00e9ly, kr\u00f3nikus betegs\u00e9gek, elektroszmog, stressz, f\u00e9nyter\u00e1pia Az eg\u00e9szs\u00e9g v\u00e9delm\u00e9nek \u00e9s vissza\u00e1ll\u00edt\u00e1s\u00e1nak innov\u00e1ci\u00f3s rendszere \u2013 Triomed compact. Szinte naponta hallunk arr\u00f3l, hogy k\u00f6rnyezet\u00fcnk egyre agressz\u00edvebb\u00e9 v\u00e1lt. Az \u00e9lelmiszerekben \u00e9s a v\u00edzben tal\u00e1lhat\u00f3 vegyszerek, a leveg\u0151 szennyezetts\u00e9ge, az egyre gyorsabb \u00e9lettemp\u00f3 komoly kih\u00edv\u00e1sok el\u00e9 \u00e1ll\u00edtja szervezet\u00fcnket. Komoly aggodalomra adhatnak okot [&hellip;]<\/p>\n","protected":false},"featured_media":4713,"comment_status":"open","ping_status":"closed","template":"","meta":[],"product_brand":[],"product_cat":[34,32],"product_tag":[],"class_list":{"0":"post-4714","1":"product","2":"type-product","3":"status-publish","4":"has-post-thumbnail","6":"product_cat-keszulekek","7":"product_cat-triomed","9":"first","10":"instock","11":"taxable","12":"shipping-taxable","13":"purchasable","14":"product-type-simple"},"_links":{"self":[{"href":"https:\/\/vetomshop.hu\/pt\/wp-json\/wp\/v2\/product\/4714","targetHints":{"allow":["GET"]}}],"collection":[{"href":"https:\/\/vetomshop.hu\/pt\/wp-json\/wp\/v2\/product"}],"about":[{"href":"https:\/\/vetomshop.hu\/pt\/wp-json\/wp\/v2\/types\/product"}],"replies":[{"embeddable":true,"href":"https:\/\/vetomshop.hu\/pt\/wp-json\/wp\/v2\/comments?post=4714"}],"wp:featuredmedia":[{"embeddable":true,"href":"https:\/\/vetomshop.hu\/pt\/wp-json\/wp\/v2\/media\/4713"}],"wp:attachment":[{"href":"https:\/\/vetomshop.hu\/pt\/wp-json\/wp\/v2\/media?parent=4714"}],"wp:term":[{"taxonomy":"product_brand","embeddable":true,"href":"https:\/\/vetomshop.hu\/pt\/wp-json\/wp\/v2\/product_brand?post=4714"},{"taxonomy":"product_cat","embeddable":true,"href":"https:\/\/vetomshop.hu\/pt\/wp-json\/wp\/v2\/product_cat?post=4714"},{"taxonomy":"product_tag","embeddable":true,"href":"https:\/\/vetomshop.hu\/pt\/wp-json\/wp\/v2\/product_tag?post=4714"}],"curies":[{"name":"wp","href":"https:\/\/api.w.org\/{rel}","templated":true}]}}