{"id":4741,"date":"2023-11-11T14:34:00","date_gmt":"2023-11-11T13:34:00","guid":{"rendered":"https:\/\/vetomshop.hu\/termek\/sigma-medal\/"},"modified":"2023-11-11T14:34:00","modified_gmt":"2023-11-11T13:34:00","slug":"sigma-medal","status":"publish","type":"product","link":"https:\/\/vetomshop.hu\/pt\/produto\/sigma-medal\/","title":{"rendered":"Medalha Sigma"},"content":{"rendered":"<p>A <strong>Medalha de Sa\u00fade SIGMA<\/strong> \u00e9 restaurar os processos fisiol\u00f3gicos normais dos fol\u00edculos capilares, aumentar sua resist\u00eancia a fatores ambientais adversos e ao aumento do estresse, prolongar a fase de crescimento do cabelo e, assim, aumentar a densidade geral do cabelo.<\/p>\n<p><strong>Efeitos:<\/strong><\/p>\n<ul>\n<li>normaliza a circula\u00e7\u00e3o sangu\u00ednea, o estado imunol\u00f3gico e o metabolismo dos fol\u00edculos capilares, evitando o desenvolvimento de atrofia;<\/li>\n<li>reduz a gravidade dos processos inflamat\u00f3rios na pele e nos fol\u00edculos capilares;<\/li>\n<li>ajuda a normalizar os processos metab\u00f3licos na pele e no corpo como um todo; evita o desenvolvimento de alopecia areata (perda de cabelo irregular).<\/li>\n<\/ul>\n<p>O pingente de sa\u00fade SIGMA tem um efeito positivo sobre o estado das fun\u00e7\u00f5es do corpo, pode ser usado como uma ferramenta para otimiza\u00e7\u00e3o e corre\u00e7\u00e3o em combina\u00e7\u00e3o com outros tratamentos de alopecia areata (queda de cabelo irregular)<br \/>\ne outros m\u00e9todos de preven\u00e7\u00e3o.<\/p>\n<div class=\"su-spoiler su-spoiler-style-defoult su-spoiler-icon-caret su-spoiler-closed\" data-scroll-offset=\"0\" data-anchor-in-url=\"no\"><div class=\"su-spoiler-title\" tabindex=\"0\" role=\"button\"><span class=\"su-spoiler-icon\"><\/span>Todos<\/div><div class=\"su-spoiler-content su-u-clearfix su-u-trim\">\n<p><strong>Tipos de perda de cabelo irregular:<\/strong><\/p>\n<p>Com base na extens\u00e3o da perda de cabelo, a perda de cabelo irregular \u00e9 dividida nos seguintes tipos:<\/p>\n<ul>\n<li>Alopecia areata unilocular: o cabelo cai em apenas uma \u00e1rea<\/li>\n<li>Alopecia areata multilocular: v\u00e1rias manchas de cicatrizes<\/li>\n<li>Alopecia areata subtotalis: o cabelo cai em quase todo o couro cabeludo3<\/li>\n<li>Alopecia areata totalis: todos os cabelos caem do couro cabeludo Alopecia areata universalis: a perda de cabelo afeta o couro cabeludo e todo o corpo<\/li>\n<li>Tipo de of\u00edase: uma forma espec\u00edfica de alopecia areata, caracterizada pela queda de cabelo principalmente nas \u00e1reas externas do couro cabeludo, geralmente na parte de tr\u00e1s da cabe\u00e7a, \u00e0s vezes na parte de tr\u00e1s da cabe\u00e7a.<br \/>\nnas t\u00eamporas ou na testa.<\/li>\n<\/ul>\n<p>Al\u00e9m dos tipos listados acima, o SIGMA Medallion pode ser usado em casos de queda de cabelo causada por quimioterapia, radioterapia ou disfun\u00e7\u00e3o end\u00f3crina.<\/p>\n<\/div><\/div>","protected":false},"excerpt":{"rendered":"<p>A SIGMA Eg\u00e9szs\u00e9g Med\u00e1l feladata a sz\u0151rt\u00fcsz\u0151k norm\u00e1l fiziol\u00f3giai folyamatainak helyre\u00e1ll\u00edt\u00e1sa, a kedvez\u0151tlen k\u00f6rnyezeti t\u00e9nyez\u0151kkel \u00e9s a megn\u00f6vekedett stresszterhel\u00e9ssel szembeni ellen\u00e1ll\u00f3 k\u00e9pess\u00e9g\u00fck n\u00f6vel\u00e9se, a hajn\u00f6veked\u00e9s szakasz\u00e1nak meghosszabb\u00edt\u00e1sa, ez\u00e1ltal a teljes hajs\u0171r\u0171s\u00e9g n\u00f6vel\u00e9se. Hat\u00e1sok: normaliz\u00e1lja a v\u00e9rkering\u00e9st, az immun\u00e1llapotot \u00e9s az anyagcser\u00e9t a sz\u0151rt\u00fcsz\u0151kben, megel\u0151zve az atr\u00f3fia kialakul\u00e1s\u00e1t; cs\u00f6kkenti a b\u0151r \u00e9s a sz\u0151rt\u00fcsz\u0151k gyullad\u00e1sos folyamatainak [&hellip;]<\/p>\n","protected":false},"featured_media":4740,"comment_status":"open","ping_status":"closed","template":"","meta":[],"product_brand":[],"product_cat":[33,32],"product_tag":[],"class_list":{"0":"post-4741","1":"product","2":"type-product","3":"status-publish","4":"has-post-thumbnail","6":"product_cat-egeszseg-medalok","7":"product_cat-triomed","9":"first","10":"instock","11":"taxable","12":"shipping-taxable","13":"purchasable","14":"product-type-simple"},"_links":{"self":[{"href":"https:\/\/vetomshop.hu\/pt\/wp-json\/wp\/v2\/product\/4741","targetHints":{"allow":["GET"]}}],"collection":[{"href":"https:\/\/vetomshop.hu\/pt\/wp-json\/wp\/v2\/product"}],"about":[{"href":"https:\/\/vetomshop.hu\/pt\/wp-json\/wp\/v2\/types\/product"}],"replies":[{"embeddable":true,"href":"https:\/\/vetomshop.hu\/pt\/wp-json\/wp\/v2\/comments?post=4741"}],"wp:featuredmedia":[{"embeddable":true,"href":"https:\/\/vetomshop.hu\/pt\/wp-json\/wp\/v2\/media\/4740"}],"wp:attachment":[{"href":"https:\/\/vetomshop.hu\/pt\/wp-json\/wp\/v2\/media?parent=4741"}],"wp:term":[{"taxonomy":"product_brand","embeddable":true,"href":"https:\/\/vetomshop.hu\/pt\/wp-json\/wp\/v2\/product_brand?post=4741"},{"taxonomy":"product_cat","embeddable":true,"href":"https:\/\/vetomshop.hu\/pt\/wp-json\/wp\/v2\/product_cat?post=4741"},{"taxonomy":"product_tag","embeddable":true,"href":"https:\/\/vetomshop.hu\/pt\/wp-json\/wp\/v2\/product_tag?post=4741"}],"curies":[{"name":"wp","href":"https:\/\/api.w.org\/{rel}","templated":true}]}}