{"id":7033,"date":"2025-08-19T14:24:55","date_gmt":"2025-08-19T12:24:55","guid":{"rendered":"https:\/\/vetomshop.hu\/?post_type=product&#038;p=7033"},"modified":"2025-10-21T17:32:52","modified_gmt":"2025-10-21T15:32:52","slug":"honey-vetom-biologiailag-aktiv-etrend-kiegeszito-60-ml","status":"publish","type":"product","link":"https:\/\/vetomshop.hu\/pt\/produto\/honey-vetom-biologiailag-aktiv-etrend-kiegeszito-60-ml\/","title":{"rendered":"Honey Vetom - Suplemento alimentar biologicamente ativo <span style=\"color:red\">60<\/span> ml"},"content":{"rendered":"<p><span style=\"font-size: x-large;\"><b>Honey Vetom - Suplemento alimentar biologicamente ativo 60 g<\/b><\/span><\/p>\n<h5><strong>Composi\u00e7\u00e3o (1 por\u00e7\u00e3o = 10 g):<\/strong><\/h5>\n<p>* Mel natural: 8 g<\/p>\n<p>* Extrato de milho fermentado (com Bacillus subtilis VKPM B-10641): 1 g (cont\u00e9m 1\u00d710\u2076 CFU\/g de bact\u00e9rias)<\/p>\n<h5><strong>Valor nutricional em 10 g:<\/strong><\/h5>\n<ul class=\"vetom-list\">\n<li>\u00a0 * Gordura: 0 g<\/li>\n<li>\u00a0 * Carboidratos: 8 g<\/li>\n<li>\u00a0 * Prote\u00edna: 0,08 g<\/li>\n<li>\u00a0 * Energia: 31,4 kcal<\/li>\n<\/ul>\n<h5><strong>Descri\u00e7\u00e3o:<\/strong><\/h5>\n<ul class=\"vetom-list\">\n<li>Subst\u00e2ncia homog\u00eanea, densa e \u00e0 base de mel<\/li>\n<li>Cor: pode variar de branco a marrom escuro<\/li>\n<li>Textura: parcial ou totalmente cristalizada<\/li>\n<li>Aroma: agrad\u00e1vel aroma de mel<\/li>\n<li>Sabor: doce, sem nenhum sabor estranho<\/li>\n<\/ul>\n<h5><strong>Distribui\u00e7\u00e3o:<\/strong><\/h5>\n<ul class=\"vetom-list\">\n<li>Tubo de 60 ml<\/li>\n<li>Em uma caixa de papel\u00e3o, com folheto informativo<\/li>\n<\/ul>\n<h5><strong>Por que \u00e9 recomendado?<\/strong><\/h5>\n<ul class=\"vetom-list\">\n<li>Enriquecido com subst\u00e2ncias biologicamente ativas de microrganismos probi\u00f3ticos<\/li>\n<li>Apoia a flora intestinal e a fun\u00e7\u00e3o imunol\u00f3gica<\/li>\n<li>Tamb\u00e9m \u00e9 uma fonte de frutose<\/li>\n<\/ul>\n<h5><strong>Aplica\u00e7\u00e3o e dosagem:<\/strong><\/h5>\n<p>N\u00e3o \u00e9 um medicamento<\/p>\n<ul class=\"vetom-list\">\n<li>Adultos: 3 vezes ao dia, em intervalos iguais, por 10 dias<\/li>\n<li>Uma por\u00e7\u00e3o: 10 g (cerca de 1 colher de ch\u00e1)<\/li>\n<li>Pode ser tomado com ou sem alimentos (antes, durante ou depois)<\/li>\n<li>Recomenda-se repetir a cada 3 meses<\/li>\n<\/ul>\n<h5><strong>Armazenamento:<\/strong><\/h5>\n<div class=\"plashka\">\n<p>* Local seco e fresco* Protegido da luz solar<\/p>\n<p>* M\u00e1x. a +20 \u00b0C<\/p>\n<p>* Ap\u00f3s a abertura: pode ser usado por 12 meses<\/p>\n<p>* Data de validade: 2 anos a partir da produ\u00e7\u00e3o<\/p>\n<\/div>\n<p><strong>Advert\u00eancias:<\/strong><\/p>\n<p><strong>N\u00e3o recomendado:<\/strong><\/p>\n<ul>\n<li>Em caso de sensibilidade ou alergia individual<\/li>\n<li>Para mulheres gr\u00e1vidas, mulheres que est\u00e3o amamentando e menores de 18 anos<\/li>\n<li>Para diab\u00e9ticos<\/li>\n<li>Em caso de c\u00e2ncer<\/li>\n<li>N\u00e3o exceda a dose di\u00e1ria recomendada!<\/li>\n<li>Consulte um m\u00e9dico antes de usar<\/li>\n<\/ul>\n<p>Teor de frutose (por 30 g por dia):<\/p>\n<p>12 g de frutose, que \u00e9 68,6% da ingest\u00e3o di\u00e1ria recomendada (de acordo com os padr\u00f5es estabelecidos)<\/p>\n<p><strong>Informa\u00e7\u00f5es de marketing:<\/strong><\/p>\n<p><strong>Fabricante:<\/strong> OOO NPF Issledovatelsky Tsentr, Novosibirsk, R\u00fassia<\/p>\n<p><strong>Distribuidor:<\/strong> Cemmedic Europe Ltd., Zichy\u00fajfalu, Hungria<\/p>\n<p>+36305573846, vetomshop.hu@gmail.com<\/p>","protected":false},"excerpt":{"rendered":"<div class=\"plashka\">\n<h5><strong>Composi\u00e7\u00e3o (1 por\u00e7\u00e3o = 10 g):<\/strong><\/h5>\n<p>- Mel natural: 8 g<br \/>\n- Extrato de milho fermentado (Bacillus subtilis VKPM B-10641): 1 g (cont\u00e9m 1\u00d710\u2076 CFU\/g de bact\u00e9rias)<\/p>\n<\/div>\n<h5><strong>Descri\u00e7\u00e3o:<\/strong><\/h5>\n<ul class=\"vetom-list\">\n<li>Subst\u00e2ncia homog\u00eanea, densa e \u00e0 base de mel<\/li>\n<li>Cor: pode variar de branco a marrom escuro<\/li>\n<li>Textura: parcial ou totalmente cristalizada<\/li>\n<li>Aroma: agrad\u00e1vel aroma de mel<\/li>\n<li>Sabor: doce, sem nenhum sabor estranho<\/li>\n<\/ul>\n<div class=\"plashka\">\n<h5><strong>Por que \u00e9 recomendado?<\/strong><\/h5>\n<ul class=\"vetom-list\">\n<li>Enriquecido com subst\u00e2ncias biologicamente ativas de microrganismos probi\u00f3ticos<\/li>\n<li>Apoia a flora intestinal e a fun\u00e7\u00e3o imunol\u00f3gica<\/li>\n<li>Tamb\u00e9m \u00e9 uma fonte de frutose<\/li>\n<\/ul>\n<\/div>","protected":false},"featured_media":7034,"comment_status":"open","ping_status":"closed","template":"","meta":[],"product_brand":[],"product_cat":[37,22],"product_tag":[],"class_list":{"0":"post-7033","1":"product","2":"type-product","3":"status-publish","4":"has-post-thumbnail","6":"product_cat-mezpaszta","7":"product_cat-vetom-probiotikumok","9":"first","10":"outofstock","11":"taxable","12":"shipping-taxable","13":"purchasable","14":"product-type-simple"},"_links":{"self":[{"href":"https:\/\/vetomshop.hu\/pt\/wp-json\/wp\/v2\/product\/7033","targetHints":{"allow":["GET"]}}],"collection":[{"href":"https:\/\/vetomshop.hu\/pt\/wp-json\/wp\/v2\/product"}],"about":[{"href":"https:\/\/vetomshop.hu\/pt\/wp-json\/wp\/v2\/types\/product"}],"replies":[{"embeddable":true,"href":"https:\/\/vetomshop.hu\/pt\/wp-json\/wp\/v2\/comments?post=7033"}],"wp:featuredmedia":[{"embeddable":true,"href":"https:\/\/vetomshop.hu\/pt\/wp-json\/wp\/v2\/media\/7034"}],"wp:attachment":[{"href":"https:\/\/vetomshop.hu\/pt\/wp-json\/wp\/v2\/media?parent=7033"}],"wp:term":[{"taxonomy":"product_brand","embeddable":true,"href":"https:\/\/vetomshop.hu\/pt\/wp-json\/wp\/v2\/product_brand?post=7033"},{"taxonomy":"product_cat","embeddable":true,"href":"https:\/\/vetomshop.hu\/pt\/wp-json\/wp\/v2\/product_cat?post=7033"},{"taxonomy":"product_tag","embeddable":true,"href":"https:\/\/vetomshop.hu\/pt\/wp-json\/wp\/v2\/product_tag?post=7033"}],"curies":[{"name":"wp","href":"https:\/\/api.w.org\/{rel}","templated":true}]}}