{"id":1019,"date":"2020-02-17T14:17:10","date_gmt":"2020-02-17T14:17:10","guid":{"rendered":"https:\/\/vetomshop.hu\/?page_id=1019"},"modified":"2024-05-23T10:56:21","modified_gmt":"2024-05-23T08:56:21","slug":"a-vetom-probiotikum-tortenete","status":"publish","type":"page","link":"https:\/\/vetomshop.hu\/ro\/a-vetom-probiotikum-tortenete\/","title":{"rendered":"Istoria probioticului Vetom"},"content":{"rendered":"<h3>A <em>Bacillus<\/em> cercetarea bacteriilor \u0219i primele preparate \u201evii\u201d pe baza acestora dateaz\u0103 din anii 1930.<\/h3>\n<p><img loading=\"lazy\" decoding=\"async\" class=\"wp-image-3790 alignleft\" src=\"https:\/\/vetomshop.hu\/wp-content\/uploads\/2023\/02\/bacterio.jpg\" alt=\"\" width=\"655\" height=\"326\" srcset=\"https:\/\/vetomshop.hu\/wp-content\/uploads\/2023\/02\/bacterio.jpg 1500w, https:\/\/vetomshop.hu\/wp-content\/uploads\/2023\/02\/bacterio-300x149.jpg 300w, https:\/\/vetomshop.hu\/wp-content\/uploads\/2023\/02\/bacterio-1024x509.jpg 1024w, https:\/\/vetomshop.hu\/wp-content\/uploads\/2023\/02\/bacterio-768x382.jpg 768w, https:\/\/vetomshop.hu\/wp-content\/uploads\/2023\/02\/bacterio-1320x656.jpg 1320w, https:\/\/vetomshop.hu\/wp-content\/uploads\/2023\/02\/bacterio-600x298.jpg 600w\" sizes=\"auto, (max-width: 655px) 100vw, 655px\" \/>\u00cen 1939, trupele Wermacht s-au confruntat cu problema dizenteriei \u00een Africa. Boala a afectat armatele ambelor p\u0103r\u021bi. Primii care au eradicat boala au fost arabii. B\u0103legarul de c\u0103mil\u0103 a fost folosit ca un medicament eficient. Germanii au refuzat s\u0103 consume baleg\u0103 de c\u0103mil\u0103, dar au descoperit excelenta eficacitate a acestui remediu. Ingredientul activ este\u00a0 <em>Bacillus subtilis<\/em> microorganism capabil s\u0103 suprime dezvoltarea \u0219i reproducerea agen\u021bilor patogeni ai dizenteriei. Pe baza acestei bacterii, oamenii de \u0219tiin\u021b\u0103 germani au creat un preparat probiotic care a fost ulterior utilizat pe scar\u0103 larg\u0103 \u00een armat\u0103 pentru a preveni dizenteria. Dup\u0103 destr\u0103marea Germaniei lui Hitler, tehnologia de producere a probioticului a fost achizi\u021bionat\u0103 de americani.<\/p>\n<h3>Cu toate acestea, Uniunea Sovietic\u0103 nu a r\u0103mas impasibil\u0103.<\/h3>\n<p>La sf\u00e2r\u0219itul celui de-al Doilea R\u0103zboi Mondial, au fost mobilizate for\u021be importante pentru ap\u0103rarea \u00eempotriva armelor moderne, inclusiv a armelor biologice. \u00cen 1974, a fost \u00eenfiin\u021bat\u0103 o uria\u0219\u0103 organiza\u021bie secret\u0103 - Microbioprom - pentru a dezvolta preg\u0103tiri \u00een vederea protej\u0103rii oamenilor \u00eempotriva dezastrelor biogenice, inclusiv a armelor biologice. Sistemul Microbioprom includea at\u00e2t institutele \u0219tiin\u021bifice existente la momentul respectiv, c\u00e2t \u0219i centrele \u0219tiin\u021bifice specializate \u00een microbiologie \u0219i fabricile de bioproduc\u021bie nou create. Institu\u021bia principal\u0103 a Mikrobioprom a fost compania \u201eVektor\u201d, care era situat\u0103 \u00een satul Koltsovo, l\u00e2ng\u0103 Novosibirsk. Dimensiunea acestei institu\u021bii este impresionant\u0103 \u0219i ast\u0103zi. Alte cinci institu\u021bii au fost construite \u0219i dezvoltate \u00een paralel cu Vektor. Astfel, \u00eentr-o perioad\u0103 relativ scurt\u0103 de timp, Uniunea Sovietic\u0103 a devenit lider mondial \u00een microbiologie.<\/p>\n<p><img loading=\"lazy\" decoding=\"async\" class=\"alignright wp-image-5499\" src=\"https:\/\/vetomshop.hu\/wp-content\/uploads\/2024\/04\/biotechnology.jpg\" alt=\"\" width=\"660\" height=\"369\" srcset=\"https:\/\/vetomshop.hu\/wp-content\/uploads\/2024\/04\/biotechnology.jpg 1000w, https:\/\/vetomshop.hu\/wp-content\/uploads\/2024\/04\/biotechnology-300x168.jpg 300w, https:\/\/vetomshop.hu\/wp-content\/uploads\/2024\/04\/biotechnology-768x429.jpg 768w, https:\/\/vetomshop.hu\/wp-content\/uploads\/2024\/04\/biotechnology-600x335.jpg 600w\" sizes=\"auto, (max-width: 660px) 100vw, 660px\" \/>\u00cen special, la \u00eenceputul anilor 1990, \u201eVectorul\u201d a devenit primul din istoria omenirii care a reu\u0219it s\u0103 creeze un obiect viu artificial - o \u201eplasmid\u0103\u201e - care genereaz\u0103 interferon-alfa-2 leucocitar uman, o protein\u0103 esen\u021bial\u0103 a sistemului imunitar, care a fost \u00eencorporat\u0103 cu succes \u00een \u00a0<em>Bacillus subtilis<\/em> \u00een celula cu microunde. Rezultatul este o versiune recombinant\u0103 care poate produce aproximativ 70 de antibiotice, precum \u0219i o gam\u0103 larg\u0103 de fermen\u021bi \u0219i interferoni. Aceast\u0103 tulpin\u0103 este sporulat\u0103, penetreaz\u0103 f\u0103r\u0103 daune mucoasa stomacului \u0219i mucoasa duodenal\u0103 \u0219i este activat\u0103 \u00een intestinul gros.<\/p>\n<p>Acest preparat probiotic, bazat pe probioticul men\u021bionat mai sus, se nume\u0219te \u201eSubalin\u201d. \u0218i ce sa \u00eent\u00e2mplat \u00een continuare, toat\u0103 lumea \u0219tie. Uniunea Sovietic\u0103 a f\u0103cut un lucru gre\u0219it, au \u00eenceput reformele de pia\u021b\u0103 \u0219i autorit\u0103\u021bile nu au vrut Microbioprom. Dar guvernul american avea nevoie de \u201eVektor\u201d. Timp de trei ani, exper\u021bii str\u0103ini au studiat, verificat \u0219i colectat date \u00een zona \u201eVektor\u201d. Desigur, Subalin nu a putut p\u0103trunde pe pia\u021b\u0103. Pentru a se asigura c\u0103 cel pu\u021bin o parte din cercetarea \u201eVektor\u201d nu a fost pierdut\u0103, este \u00een mare parte datorit\u0103 creatorului s\u0103u, Lev Stepanovich Sanakhchiev - unul dintre creatorii \u201eSubalin\u201d. Din unit\u0103\u021bile separate ale Vektor, Sanhakhchiev a creat o serie de companii private care au \u00eenv\u0103\u021bat s\u0103 supravie\u021buiasc\u0103 pe linia privat\u0103. Aproximativ jum\u0103tate dintre ele au reu\u0219it s\u0103 fac\u0103 acest lucru.<\/p>\n<h3>Printre acestea se num\u0103r\u0103 Centrul \u0219tiin\u021bific central - \u201eCentrul de cercetare\u201d, care se remarc\u0103, printre altele, prin microbiologie \u0219i genetic\u0103, cu mai mult de 50 de inven\u021bii \u00eenregistrate de microbiologul \u0219i geneticianul Alexander Ivanovich Lelyak.<\/h3>\n<p>S-a \u00eent\u00e2mplat ca aceast\u0103 companie s\u0103 fie responsabil\u0103 de subiectul preparatelor vii, de studiul lor aprofundat \u0219i de organizarea cre\u0103rii lor. \u00cen ultimii 20 de ani, centrul de cercetare, care are \u00een prezent peste 200 de speciali\u0219ti, a dezvoltat o strategie de adaptare la condi\u021biile actuale ale pie\u021bei.<\/p>\n<p><img loading=\"lazy\" decoding=\"async\" class=\"wp-image-5500  alignleft\" src=\"https:\/\/vetomshop.hu\/wp-content\/uploads\/2024\/04\/probioticum.jpg\" alt=\"\" width=\"656\" height=\"378\" srcset=\"https:\/\/vetomshop.hu\/wp-content\/uploads\/2024\/04\/probioticum.jpg 1024w, https:\/\/vetomshop.hu\/wp-content\/uploads\/2024\/04\/probioticum-300x173.jpg 300w, https:\/\/vetomshop.hu\/wp-content\/uploads\/2024\/04\/probioticum-768x443.jpg 768w, https:\/\/vetomshop.hu\/wp-content\/uploads\/2024\/04\/probioticum-600x346.jpg 600w\" sizes=\"auto, (max-width: 656px) 100vw, 656px\" \/>Microbii reprezint\u0103 90% din biomasa planetei noastre, explic\u0103 Alexander Ivanovich Lelyak. - Putem spune cu siguran\u021b\u0103 c\u0103 lumea \u00een care tr\u0103im este de fapt a lor. Majoritatea microorganismelor - infec\u021bii umane, animale \u0219i vegetale. Noi \u00een\u0219ine suntem 2-3 procente microbi. Dac\u0103 ne uit\u0103m la orice parte a corpului nostru, putem vedea c\u0103 anumite microorganisme exist\u0103 acolo - fiecare parte a corpului are propriul ecosistem microbian. Acestea ajut\u0103 organismul s\u0103 se apere \u00eempotriva efectelor nocive ale mediului. Dac\u0103 \u00eenc\u0103lc\u0103m acest lucru - ne \u00eemboln\u0103vim. Cu toate acestea, \u00eentr-un caz optim, atunci c\u00e2nd to\u021bi microbii no\u0219tri proprii r\u0103m\u00e2n cu noi, suntem capabili s\u0103 ne protej\u0103m de toate infec\u021biile!<\/p>","protected":false},"excerpt":{"rendered":"<p>A Bacillus bakt\u00e9riumok ut\u00e1n t\u00f6rt\u00e9n\u0151 kutat\u00e1sok \u00e9s azok alapj\u00e1n l\u00e9trehozott els\u0151 \u201e\u00e9l\u0151\u201d k\u00e9sz\u00edtm\u00e9nyek az 1930-as \u00e9vekre tehet\u0151. 1939-ben a Wermacht seregei Afrik\u00e1ban tal\u00e1lkoztak a v\u00e9rhas probl\u00e9m\u00e1j\u00e1val. A megbeteged\u00e9s \u00e9rintette mindk\u00e9t f\u00e9l sereg\u00e9t. A bajt els\u0151nek az arabok sz\u00fcntett\u00e9k meg. Hat\u00e9kony gy\u00f3gy k\u00e9sz\u00edtm\u00e9nyk\u00e9nt a tev\u00e9k tr\u00e1gy\u00e1j\u00e1t alkalmazt\u00e1k. A n\u00e9metek a tevetr\u00e1gy\u00e1t nem voltak hajland\u00f3k fogyasztani, viszont [&hellip;]<\/p>\n","protected":false},"author":1,"featured_media":0,"parent":0,"menu_order":0,"comment_status":"closed","ping_status":"closed","template":"","meta":{"footnotes":""},"class_list":["post-1019","page","type-page","status-publish","hentry"],"_links":{"self":[{"href":"https:\/\/vetomshop.hu\/ro\/wp-json\/wp\/v2\/pages\/1019","targetHints":{"allow":["GET"]}}],"collection":[{"href":"https:\/\/vetomshop.hu\/ro\/wp-json\/wp\/v2\/pages"}],"about":[{"href":"https:\/\/vetomshop.hu\/ro\/wp-json\/wp\/v2\/types\/page"}],"author":[{"embeddable":true,"href":"https:\/\/vetomshop.hu\/ro\/wp-json\/wp\/v2\/users\/1"}],"replies":[{"embeddable":true,"href":"https:\/\/vetomshop.hu\/ro\/wp-json\/wp\/v2\/comments?post=1019"}],"version-history":[{"count":0,"href":"https:\/\/vetomshop.hu\/ro\/wp-json\/wp\/v2\/pages\/1019\/revisions"}],"wp:attachment":[{"href":"https:\/\/vetomshop.hu\/ro\/wp-json\/wp\/v2\/media?parent=1019"}],"curies":[{"name":"wp","href":"https:\/\/api.w.org\/{rel}","templated":true}]}}