{"id":4712,"date":"2023-11-11T14:33:54","date_gmt":"2023-11-11T13:33:54","guid":{"rendered":"https:\/\/vetomshop.hu\/termek\/biotrem-active\/"},"modified":"2023-11-11T14:33:54","modified_gmt":"2023-11-11T13:33:54","slug":"biotrem-active","status":"publish","type":"product","link":"https:\/\/vetomshop.hu\/ro\/produs\/biotrem-active\/","title":{"rendered":"BioTrEM activ"},"content":{"rendered":"<p>\u0410 <strong>\u201eBioTrEM ACTIVE\u201d<\/strong> Dispozitivul de terapie EMF-IK Model 1 (denumit \u00een continuare \"dispozitivul\") este un dispozitiv portabil de fizioterapie \u0219i reflexoterapie destinat prevenirii bolilor articulare, tratamentului \u0219i reabilit\u0103rii pacien\u021bilor care sufer\u0103 de afec\u021biuni musculo-scheletice prin aplicarea de c\u00e2mpuri electromagnetice de intensitate redus\u0103 \u00een domeniul frecven\u021belor extrem de \u00eenalte pe p\u0103r\u021bi ale suprafe\u021bei pielii umane.<\/p>\n<p>Dispozitivul \u0410 poate fi utilizat \u00een programe complexe preventive \u0219i curative pentru restabilirea proceselor fiziologice normale \u00een celulele \u0219i \u021besuturile sistemului de organe de sus\u021binere \u0219i mi\u0219care \u00een cazul bolilor sistemului de organe de sus\u021binere \u0219i mi\u0219care, pentru reducerea durerii \u0219i \u00eembun\u0103t\u0103\u021birea func\u021biilor de sus\u021binere \u0219i mi\u0219care.<\/p>\n<div class=\"su-spoiler su-spoiler-style-defoult su-spoiler-icon-caret su-spoiler-closed\" data-scroll-offset=\"0\" data-anchor-in-url=\"no\"><div class=\"su-spoiler-title\" tabindex=\"0\" role=\"button\"><span class=\"su-spoiler-icon\"><\/span>Toate<\/div><div class=\"su-spoiler-content su-u-clearfix su-u-trim\">\n<p>Efectele utiliz\u0103rii dispozitivului:<\/p>\n<ul>\n<li>normalizeaz\u0103 circula\u021bia s\u00e2ngelui, starea de imunitate \u0219i procesele metabolice \u00een organele\/sistemele locomotorii, prevenind apari\u021bia bolilor \u00een acestea;<\/li>\n<li>ajut\u0103 la \u00eembun\u0103t\u0103\u021birea func\u021biilor de sus\u021binere \u0219i mobilitate;<\/li>\n<li>reduce manifest\u0103rile de inflama\u021bie \u0219i congestie \u00een organele locomotorii;<\/li>\n<li>ajut\u0103 la accelerarea proceselor de regenerare \u0219i reparare a \u021besuturilor sistemului de organe de sus\u021binere \u0219i mi\u0219care;<\/li>\n<li>ajut\u0103 la eliminarea inflama\u021biei la nivelul articula\u021biilor, membranelor articulare \u0219i \u201esacilor\u201d articulare, mu\u0219chilor,<\/li>\n<li>ajut\u0103 la eliminarea sau compensarea deform\u0103rii \u0219i atrofiei oaselor, ligamentelor \u0219i complexului musculo-articular.<\/li>\n<\/ul>\n<\/div><\/div>","protected":false},"excerpt":{"rendered":"<p>\u0410 \u201eBioTrEM ACTIVE\u201d modell EMF-IK ter\u00e1pi\u00e1s k\u00e9sz\u00fcl\u00e9k (a tov\u00e1bbiakban k\u00e9sz\u00fcl\u00e9k) egy hordozhat\u00f3 fizikoter\u00e1pi\u00e1s \u00e9s reflexter\u00e1pi\u00e1s eszk\u00f6z, amelynek rendeltet\u00e9se az \u00edz\u00fcleti megbeteged\u00e9sek megel\u0151z\u00e9s\u00e9re, a t\u00e1maszt\u00e1s \u00e9s mozg\u00e1s szervrendszeri betegs\u00e9gekben szenved\u0151 p\u00e1ciensek kezel\u00e9se \u00e9s rehabilit\u00e1ci\u00f3ja az ember b\u0151rfel\u00fclet\u00e9nek r\u00e9szeire ir\u00e1nyul\u00f3 extr\u00e9m magas frekvenci\u00e1s tartom\u00e1nyban m\u0171k\u00f6d\u0151 alacsonyintenzit\u00e1s\u00fa elektrom\u00e1gneses r\u00e1hat\u00e1s r\u00e9v\u00e9n. \u0410 k\u00e9sz\u00fcl\u00e9k komplex megel\u0151z\u0151 \u00e9s gy\u00f3gyul\u00e1st el\u0151seg\u00edt\u0151 programokban [&hellip;]<\/p>\n","protected":false},"featured_media":4711,"comment_status":"open","ping_status":"closed","template":"","meta":[],"product_brand":[],"product_cat":[34,32],"product_tag":[],"class_list":{"0":"post-4712","1":"product","2":"type-product","3":"status-publish","4":"has-post-thumbnail","6":"product_cat-keszulekek","7":"product_cat-triomed","9":"first","10":"instock","11":"taxable","12":"shipping-taxable","13":"purchasable","14":"product-type-simple"},"_links":{"self":[{"href":"https:\/\/vetomshop.hu\/ro\/wp-json\/wp\/v2\/product\/4712","targetHints":{"allow":["GET"]}}],"collection":[{"href":"https:\/\/vetomshop.hu\/ro\/wp-json\/wp\/v2\/product"}],"about":[{"href":"https:\/\/vetomshop.hu\/ro\/wp-json\/wp\/v2\/types\/product"}],"replies":[{"embeddable":true,"href":"https:\/\/vetomshop.hu\/ro\/wp-json\/wp\/v2\/comments?post=4712"}],"wp:featuredmedia":[{"embeddable":true,"href":"https:\/\/vetomshop.hu\/ro\/wp-json\/wp\/v2\/media\/4711"}],"wp:attachment":[{"href":"https:\/\/vetomshop.hu\/ro\/wp-json\/wp\/v2\/media?parent=4712"}],"wp:term":[{"taxonomy":"product_brand","embeddable":true,"href":"https:\/\/vetomshop.hu\/ro\/wp-json\/wp\/v2\/product_brand?post=4712"},{"taxonomy":"product_cat","embeddable":true,"href":"https:\/\/vetomshop.hu\/ro\/wp-json\/wp\/v2\/product_cat?post=4712"},{"taxonomy":"product_tag","embeddable":true,"href":"https:\/\/vetomshop.hu\/ro\/wp-json\/wp\/v2\/product_tag?post=4712"}],"curies":[{"name":"wp","href":"https:\/\/api.w.org\/{rel}","templated":true}]}}