{"id":4712,"date":"2023-11-11T14:33:54","date_gmt":"2023-11-11T13:33:54","guid":{"rendered":"https:\/\/vetomshop.hu\/termek\/biotrem-active\/"},"modified":"2023-11-11T14:33:54","modified_gmt":"2023-11-11T13:33:54","slug":"biotrem-active","status":"publish","type":"product","link":"https:\/\/vetomshop.hu\/sk\/produkt\/biotrem-active\/","title":{"rendered":"BioTrEM active"},"content":{"rendered":"<p>\u0410 <strong>\u201eBioTrEM ACTIVE\u201d<\/strong> Zariadenie na terapiu EMF-IK model 1 (\u010falej len \"zariadenie\") je prenosn\u00e9 zariadenie na fyzioterapiu a reflexn\u00fa terapiu ur\u010den\u00e9 na prevenciu ochoren\u00ed k\u013abov, lie\u010dbu a rehabilit\u00e1ciu pacientov trpiacich ochoreniami pohybov\u00e9ho apar\u00e1tu prostredn\u00edctvom aplik\u00e1cie elektromagnetick\u00fdch pol\u00ed n\u00edzkej intenzity v extr\u00e9mne vysokofrekven\u010dnom p\u00e1sme na \u010dasti povrchu \u013eudskej ko\u017ee.<\/p>\n<p>Pr\u00edstroj sa m\u00f4\u017ee pou\u017e\u00edva\u0165 v komplexn\u00fdch prevent\u00edvnych a lie\u010debn\u00fdch programoch na obnovenie norm\u00e1lnych fyziologick\u00fdch procesov v bunk\u00e1ch a tkaniv\u00e1ch podporn\u00e9ho a pohybov\u00e9ho org\u00e1nov\u00e9ho syst\u00e9mu v pr\u00edpade ochoren\u00ed podporn\u00e9ho a pohybov\u00e9ho org\u00e1nov\u00e9ho syst\u00e9mu, na zn\u00ed\u017eenie bolesti a zlep\u0161enie podporn\u00fdch a pohybov\u00fdch funkci\u00ed.<\/p>\n<div class=\"su-spoiler su-spoiler-style-defoult su-spoiler-icon-caret su-spoiler-closed\" data-scroll-offset=\"0\" data-anchor-in-url=\"no\"><div class=\"su-spoiler-title\" tabindex=\"0\" role=\"button\"><span class=\"su-spoiler-icon\"><\/span>V\u0161etky<\/div><div class=\"su-spoiler-content su-u-clearfix su-u-trim\">\n<p>\u00da\u010dinky pou\u017e\u00edvania zariadenia:<\/p>\n<ul>\n<li>normalizuje krvn\u00fd obeh, stav imunity a metabolick\u00e9 procesy v pohybov\u00fdch org\u00e1noch\/org\u00e1nov\u00fdch syst\u00e9moch a zabra\u0148uje vzniku ich ochoren\u00ed;<\/li>\n<li>pom\u00e1ha zlep\u0161ova\u0165 podporn\u00e9 a pohybov\u00e9 funkcie;<\/li>\n<li>zni\u017euje prejavy z\u00e1palu a pre\u0165a\u017eenia pohybov\u00e9ho apar\u00e1tu;<\/li>\n<li>pom\u00e1ha ur\u00fdchli\u0165 regener\u00e1ciu a obnovu tkan\u00edv podporn\u00e9ho a pohybov\u00e9ho syst\u00e9mu;<\/li>\n<li>pom\u00e1ha odstra\u0148ova\u0165 z\u00e1paly v k\u013aboch, k\u013abov\u00fdch membr\u00e1nach a k\u013abov\u00fdch \u201eva\u010dkoch\u201d, svaloch,<\/li>\n<li>pom\u00e1ha odstra\u0148ova\u0165 alebo kompenzova\u0165 deform\u00e1cie a atrofiu kost\u00ed, v\u00e4zov a svalovo-kostn\u00e9ho komplexu.<\/li>\n<\/ul>\n<\/div><\/div>","protected":false},"excerpt":{"rendered":"<p>\u0410 \u201eBioTrEM ACTIVE\u201d modell EMF-IK ter\u00e1pi\u00e1s k\u00e9sz\u00fcl\u00e9k (a tov\u00e1bbiakban k\u00e9sz\u00fcl\u00e9k) egy hordozhat\u00f3 fizikoter\u00e1pi\u00e1s \u00e9s reflexter\u00e1pi\u00e1s eszk\u00f6z, amelynek rendeltet\u00e9se az \u00edz\u00fcleti megbeteged\u00e9sek megel\u0151z\u00e9s\u00e9re, a t\u00e1maszt\u00e1s \u00e9s mozg\u00e1s szervrendszeri betegs\u00e9gekben szenved\u0151 p\u00e1ciensek kezel\u00e9se \u00e9s rehabilit\u00e1ci\u00f3ja az ember b\u0151rfel\u00fclet\u00e9nek r\u00e9szeire ir\u00e1nyul\u00f3 extr\u00e9m magas frekvenci\u00e1s tartom\u00e1nyban m\u0171k\u00f6d\u0151 alacsonyintenzit\u00e1s\u00fa elektrom\u00e1gneses r\u00e1hat\u00e1s r\u00e9v\u00e9n. \u0410 k\u00e9sz\u00fcl\u00e9k komplex megel\u0151z\u0151 \u00e9s gy\u00f3gyul\u00e1st el\u0151seg\u00edt\u0151 programokban [&hellip;]<\/p>\n","protected":false},"featured_media":4711,"comment_status":"open","ping_status":"closed","template":"","meta":[],"product_brand":[],"product_cat":[34,32],"product_tag":[],"class_list":{"0":"post-4712","1":"product","2":"type-product","3":"status-publish","4":"has-post-thumbnail","6":"product_cat-keszulekek","7":"product_cat-triomed","9":"first","10":"instock","11":"taxable","12":"shipping-taxable","13":"purchasable","14":"product-type-simple"},"_links":{"self":[{"href":"https:\/\/vetomshop.hu\/sk\/wp-json\/wp\/v2\/product\/4712","targetHints":{"allow":["GET"]}}],"collection":[{"href":"https:\/\/vetomshop.hu\/sk\/wp-json\/wp\/v2\/product"}],"about":[{"href":"https:\/\/vetomshop.hu\/sk\/wp-json\/wp\/v2\/types\/product"}],"replies":[{"embeddable":true,"href":"https:\/\/vetomshop.hu\/sk\/wp-json\/wp\/v2\/comments?post=4712"}],"wp:featuredmedia":[{"embeddable":true,"href":"https:\/\/vetomshop.hu\/sk\/wp-json\/wp\/v2\/media\/4711"}],"wp:attachment":[{"href":"https:\/\/vetomshop.hu\/sk\/wp-json\/wp\/v2\/media?parent=4712"}],"wp:term":[{"taxonomy":"product_brand","embeddable":true,"href":"https:\/\/vetomshop.hu\/sk\/wp-json\/wp\/v2\/product_brand?post=4712"},{"taxonomy":"product_cat","embeddable":true,"href":"https:\/\/vetomshop.hu\/sk\/wp-json\/wp\/v2\/product_cat?post=4712"},{"taxonomy":"product_tag","embeddable":true,"href":"https:\/\/vetomshop.hu\/sk\/wp-json\/wp\/v2\/product_tag?post=4712"}],"curies":[{"name":"wp","href":"https:\/\/api.w.org\/{rel}","templated":true}]}}